{"id":9119,"date":"2018-10-13T14:57:52","date_gmt":"2018-10-13T18:57:52","guid":{"rendered":"https:\/\/nelidesign.com\/?page_id=9119"},"modified":"2023-11-27T09:32:03","modified_gmt":"2023-11-27T14:32:03","slug":"update","status":"publish","type":"page","link":"https:\/\/nelidesign.com\/fr\/update\/","title":{"rendered":"Mise \u00e0 jour faite!"},"content":{"rendered":"\n<h2 class=\"wp-block-heading\">Merci!<\/h2>\n\n\n\n<p>Vos pr\u00e9f\u00e9rences ont \u00e9t\u00e9 mises \u00e0 jour.<\/p>\n\n\n\n<hr class=\"wp-block-separator has-text-color has-alpha-channel-opacity has-background\" style=\"background-color:#73c9bf;color:#73c9bf\"\/>\n\n\n\n<h2 class=\"wp-block-heading\">Voyez les derniers articles publi\u00e9s :<\/h2>\n\n\n<section class=\"gb-block-post-grid featuredpost aligncenter\"><div class=\"gb-post-grid-items is-grid columns-2\"><article id=\"post-44499\" class=\"gb-post-grid-item post-44499 post type-post status-publish format-standard has-post-thumbnail category-derniers-articles category-design-space-fr entry\"><div class=\"gb-block-post-grid-image\"><a href=\"https:\/\/nelidesign.com\/fr\/autocollants-stickers-cricut\/\" rel=\"bookmark\" aria-hidden=\"true\" tabindex=\"-1\"><img decoding=\"async\" fetchpriority=\"high\" width=\"1200\" height=\"1200\" src=\"https:\/\/nelidesign.com\/wp-content\/uploads\/2026\/04\/Feature-autocollants-stickers-cricut-1.jpg\" class=\"attachment-full size-full\" alt=\"Cricut Design Space parcours guid\u00e9s stickers et \u00e9tiquettes\" srcset=\"https:\/\/nelidesign.com\/wp-content\/uploads\/2026\/04\/Feature-autocollants-stickers-cricut-1.jpg 1200w, https:\/\/nelidesign.com\/wp-content\/uploads\/2026\/04\/Feature-autocollants-stickers-cricut-1-100x100.jpg 100w, https:\/\/nelidesign.com\/wp-content\/uploads\/2026\/04\/Feature-autocollants-stickers-cricut-1-768x768.jpg 768w, https:\/\/nelidesign.com\/wp-content\/uploads\/2026\/04\/Feature-autocollants-stickers-cricut-1-600x600.jpg 600w, https:\/\/nelidesign.com\/wp-content\/uploads\/2026\/04\/Feature-autocollants-stickers-cricut-1-720x720.jpg 720w, https:\/\/nelidesign.com\/wp-content\/uploads\/2026\/04\/Feature-autocollants-stickers-cricut-1-360x360.jpg 360w, https:\/\/nelidesign.com\/wp-content\/uploads\/2026\/04\/Feature-autocollants-stickers-cricut-1-180x180.jpg 180w\" sizes=\"(max-width: 1200px) 100vw, 1200px\" \/><\/a><\/div><div class=\"gb-block-post-grid-text\"><header class=\"gb-block-post-grid-header\"><h3 class=\"gb-block-post-grid-title\"><a href=\"https:\/\/nelidesign.com\/fr\/autocollants-stickers-cricut\/\" rel=\"bookmark\">Autocollants Cricut : Comment ma\u00eetriser le parcours guid\u00e9 \u00ab stickers et \u00e9tiquettes \u00bb dans Design Space<\/a><\/h3><div class=\"gb-block-post-grid-byline\"><\/div><\/header><div class=\"gb-block-post-grid-excerpt\"><p>Les autocollants Cricut, aussi appel\u00e9s stickers, sont plus populaires que jamais, et Cricut Design Space propose maintenant un parcours guid\u00e9 \"stickers et \u00e9tiquettes\" pour simplifier leur cr\u00e9ation. Mais est-ce vraiment plus simple? Et surtout, comment bien l'utiliser pour \u00e9viter les erreurs? Dans cet article, vous trouverez un survol du fonctionnement de ce parcours guid\u00e9, ainsi\u2026<\/p>\n<p><a class=\"gb-block-post-grid-more-link gb-text-link\" href=\"https:\/\/nelidesign.com\/fr\/autocollants-stickers-cricut\/\" rel=\"bookmark\">Continuez \u00e0 lire <span class=\"screen-reader-text\">Autocollants Cricut : Comment ma\u00eetriser le parcours guid\u00e9 \u00ab stickers et \u00e9tiquettes \u00bb dans Design Space<\/span><\/a><\/p><\/div><\/div><\/article>\n<article id=\"post-44399\" class=\"gb-post-grid-item post-44399 post type-post status-publish format-standard has-post-thumbnail category-cricut-explore-fr category-cricut-joy-fr category-cricut-maker-fr category-cricut-venture category-derniers-articles category-stylos-et-feutres entry\"><div class=\"gb-block-post-grid-image\"><a href=\"https:\/\/nelidesign.com\/fr\/nouveaux-stylos-cricut\/\" rel=\"bookmark\" aria-hidden=\"true\" tabindex=\"-1\"><img decoding=\"async\" width=\"1200\" height=\"1200\" src=\"https:\/\/nelidesign.com\/wp-content\/uploads\/2026\/02\/Feature-Nouveaux-stylos-Cricut-1.jpg\" class=\"attachment-full size-full\" alt=\"Nouveaux stylos Cricut et adaptateur\" srcset=\"https:\/\/nelidesign.com\/wp-content\/uploads\/2026\/02\/Feature-Nouveaux-stylos-Cricut-1.jpg 1200w, https:\/\/nelidesign.com\/wp-content\/uploads\/2026\/02\/Feature-Nouveaux-stylos-Cricut-1-100x100.jpg 100w, https:\/\/nelidesign.com\/wp-content\/uploads\/2026\/02\/Feature-Nouveaux-stylos-Cricut-1-768x768.jpg 768w, https:\/\/nelidesign.com\/wp-content\/uploads\/2026\/02\/Feature-Nouveaux-stylos-Cricut-1-600x600.jpg 600w, https:\/\/nelidesign.com\/wp-content\/uploads\/2026\/02\/Feature-Nouveaux-stylos-Cricut-1-720x720.jpg 720w, https:\/\/nelidesign.com\/wp-content\/uploads\/2026\/02\/Feature-Nouveaux-stylos-Cricut-1-360x360.jpg 360w, https:\/\/nelidesign.com\/wp-content\/uploads\/2026\/02\/Feature-Nouveaux-stylos-Cricut-1-180x180.jpg 180w\" sizes=\"(max-width: 1200px) 100vw, 1200px\" \/><\/a><\/div><div class=\"gb-block-post-grid-text\"><header class=\"gb-block-post-grid-header\"><h3 class=\"gb-block-post-grid-title\"><a href=\"https:\/\/nelidesign.com\/fr\/nouveaux-stylos-cricut\/\" rel=\"bookmark\">Nouveaux stylos Cricut : compatibilit\u00e9, changements et ce qu'il faut comprendre<\/a><\/h3><div class=\"gb-block-post-grid-byline\"><\/div><\/header><div class=\"gb-block-post-grid-excerpt\"><p>Avec l'arriv\u00e9e des nouvelles machines Cricut, Cricut introduit aussi une nouvelle g\u00e9n\u00e9ration de stylos et marqueurs. \u00c0 premi\u00e8re vue, cela peut sembler \u00eatre une simple mise \u00e0 jour, mais en r\u00e9alit\u00e9, il y a plusieurs changements importants \u00e0 comprendre, surtout en ce qui concerne la compatibilit\u00e9 avec les diff\u00e9rentes machines. Dans cet article, je vous\u2026<\/p>\n<p><a class=\"gb-block-post-grid-more-link gb-text-link\" href=\"https:\/\/nelidesign.com\/fr\/nouveaux-stylos-cricut\/\" rel=\"bookmark\">Continuez \u00e0 lire <span class=\"screen-reader-text\">Nouveaux stylos Cricut : compatibilit\u00e9, changements et ce qu'il faut comprendre<\/span><\/a><\/p><\/div><\/div><\/article>\n<article id=\"post-44395\" class=\"gb-post-grid-item post-44395 post type-post status-publish format-standard has-post-thumbnail category-cricut-explore-fr category-cricut-joy-fr category-derniers-articles entry\"><div class=\"gb-block-post-grid-image\"><a href=\"https:\/\/nelidesign.com\/fr\/joy-2-explore-5\/\" rel=\"bookmark\" aria-hidden=\"true\" tabindex=\"-1\"><img decoding=\"async\" width=\"1200\" height=\"1200\" src=\"https:\/\/nelidesign.com\/wp-content\/uploads\/2026\/02\/Feature-Explore-5-et-Joy-2-1.jpg\" class=\"attachment-full size-full\" alt=\"Explore 5 et Joy 2\" srcset=\"https:\/\/nelidesign.com\/wp-content\/uploads\/2026\/02\/Feature-Explore-5-et-Joy-2-1.jpg 1200w, https:\/\/nelidesign.com\/wp-content\/uploads\/2026\/02\/Feature-Explore-5-et-Joy-2-1-100x100.jpg 100w, https:\/\/nelidesign.com\/wp-content\/uploads\/2026\/02\/Feature-Explore-5-et-Joy-2-1-768x768.jpg 768w, https:\/\/nelidesign.com\/wp-content\/uploads\/2026\/02\/Feature-Explore-5-et-Joy-2-1-600x600.jpg 600w, https:\/\/nelidesign.com\/wp-content\/uploads\/2026\/02\/Feature-Explore-5-et-Joy-2-1-720x720.jpg 720w, https:\/\/nelidesign.com\/wp-content\/uploads\/2026\/02\/Feature-Explore-5-et-Joy-2-1-360x360.jpg 360w, https:\/\/nelidesign.com\/wp-content\/uploads\/2026\/02\/Feature-Explore-5-et-Joy-2-1-180x180.jpg 180w\" sizes=\"(max-width: 1200px) 100vw, 1200px\" \/><\/a><\/div><div class=\"gb-block-post-grid-text\"><header class=\"gb-block-post-grid-header\"><h3 class=\"gb-block-post-grid-title\"><a href=\"https:\/\/nelidesign.com\/fr\/joy-2-explore-5\/\" rel=\"bookmark\">Nouvelles machines Cricut : ce qui change vraiment (Joy 2 et Explore 5)<\/a><\/h3><div class=\"gb-block-post-grid-byline\"><\/div><\/header><div class=\"gb-block-post-grid-excerpt\"><p>Cricut lance une nouvelle g\u00e9n\u00e9ration de machines avec la Cricut Joy 2 et la Cricut Explore 5. J'ai eu la chance de les tester \u00e0 l'avance, et dans cet article, je vous r\u00e9sume les changements les plus importants, en toute transparence, pour vous aider \u00e0 comprendre ce que ces nouveaut\u00e9s apportent\u2026 et si elles sont\u2026<\/p>\n<p><a class=\"gb-block-post-grid-more-link gb-text-link\" href=\"https:\/\/nelidesign.com\/fr\/joy-2-explore-5\/\" rel=\"bookmark\">Continuez \u00e0 lire <span class=\"screen-reader-text\">Nouvelles machines Cricut : ce qui change vraiment (Joy 2 et Explore 5)<\/span><\/a><\/p><\/div><\/div><\/article>\n<article id=\"post-44348\" class=\"gb-post-grid-item post-44348 post type-post status-publish format-standard has-post-thumbnail category-autres category-cricut-explore-fr category-cricut-joy-fr category-cricut-maker-fr category-cricut-venture category-derniers-articles category-pour-les-enfants category-saint-valentin category-techniques-speciales entry\"><div class=\"gb-block-post-grid-image\"><a href=\"https:\/\/nelidesign.com\/fr\/tatouages-ephemeres-cricut-guide-complet\/\" rel=\"bookmark\" aria-hidden=\"true\" tabindex=\"-1\"><img decoding=\"async\" width=\"1200\" height=\"1200\" src=\"https:\/\/nelidesign.com\/wp-content\/uploads\/2026\/01\/Feature-tatouages-1.jpg\" class=\"attachment-full size-full\" alt=\"tatouages \u00e9ph\u00e9m\u00e8res Cricut\" srcset=\"https:\/\/nelidesign.com\/wp-content\/uploads\/2026\/01\/Feature-tatouages-1.jpg 1200w, https:\/\/nelidesign.com\/wp-content\/uploads\/2026\/01\/Feature-tatouages-1-100x100.jpg 100w, https:\/\/nelidesign.com\/wp-content\/uploads\/2026\/01\/Feature-tatouages-1-768x768.jpg 768w, https:\/\/nelidesign.com\/wp-content\/uploads\/2026\/01\/Feature-tatouages-1-600x600.jpg 600w, https:\/\/nelidesign.com\/wp-content\/uploads\/2026\/01\/Feature-tatouages-1-720x720.jpg 720w, https:\/\/nelidesign.com\/wp-content\/uploads\/2026\/01\/Feature-tatouages-1-360x360.jpg 360w, https:\/\/nelidesign.com\/wp-content\/uploads\/2026\/01\/Feature-tatouages-1-180x180.jpg 180w\" sizes=\"(max-width: 1200px) 100vw, 1200px\" \/><\/a><\/div><div class=\"gb-block-post-grid-text\"><header class=\"gb-block-post-grid-header\"><h3 class=\"gb-block-post-grid-title\"><a href=\"https:\/\/nelidesign.com\/fr\/tatouages-ephemeres-cricut-guide-complet\/\" rel=\"bookmark\">Comment faire des tatouages \u00e9ph\u00e9m\u00e8res avec Cricut : guide complet<\/a><\/h3><div class=\"gb-block-post-grid-byline\"><\/div><\/header><div class=\"gb-block-post-grid-excerpt\"><p>Vous avez envie de cr\u00e9er des tatouages temporaires personnalis\u00e9s avec votre Cricut? C'est exactement ce que je vous montre dans ce tutoriel complet, en utilisant les feuilles pour tatouages \u00e9ph\u00e9m\u00e8res imprimables. Un projet super amusant \u00e0 r\u00e9aliser, id\u00e9al pour ajouter une touche cr\u00e9ative \u00e0 une f\u00eate, un \u00e9v\u00e9nement ou simplement pour s'amuser entre amis\u2026 sans\u2026<\/p>\n<p><a class=\"gb-block-post-grid-more-link gb-text-link\" href=\"https:\/\/nelidesign.com\/fr\/tatouages-ephemeres-cricut-guide-complet\/\" rel=\"bookmark\">Continuez \u00e0 lire <span class=\"screen-reader-text\">Comment faire des tatouages \u00e9ph\u00e9m\u00e8res avec Cricut : guide complet<\/span><\/a><\/p><\/div><\/div><\/article>\n<article id=\"post-44330\" class=\"gb-post-grid-item post-44330 post type-post status-publish format-standard has-post-thumbnail category-cricut-explore-fr category-cricut-joy-fr category-cricut-maker-fr category-cricut-venture category-derniers-articles category-design-space-fr category-fichiers-svg category-noel category-papiers-et-cartons category-stylos-et-feutres category-vinyle-thermocollant entry\"><div class=\"gb-block-post-grid-image\"><a href=\"https:\/\/nelidesign.com\/fr\/thermocollant-floque-cricut\/\" rel=\"bookmark\" aria-hidden=\"true\" tabindex=\"-1\"><img decoding=\"async\" width=\"1200\" height=\"1200\" src=\"https:\/\/nelidesign.com\/wp-content\/uploads\/2025\/12\/Feature-thermocollant-floque-1.jpg\" class=\"attachment-full size-full\" alt=\"Thermocollant floqu\u00e9 Cricut\" srcset=\"https:\/\/nelidesign.com\/wp-content\/uploads\/2025\/12\/Feature-thermocollant-floque-1.jpg 1200w, https:\/\/nelidesign.com\/wp-content\/uploads\/2025\/12\/Feature-thermocollant-floque-1-100x100.jpg 100w, https:\/\/nelidesign.com\/wp-content\/uploads\/2025\/12\/Feature-thermocollant-floque-1-768x768.jpg 768w, https:\/\/nelidesign.com\/wp-content\/uploads\/2025\/12\/Feature-thermocollant-floque-1-600x600.jpg 600w, https:\/\/nelidesign.com\/wp-content\/uploads\/2025\/12\/Feature-thermocollant-floque-1-720x720.jpg 720w, https:\/\/nelidesign.com\/wp-content\/uploads\/2025\/12\/Feature-thermocollant-floque-1-360x360.jpg 360w, https:\/\/nelidesign.com\/wp-content\/uploads\/2025\/12\/Feature-thermocollant-floque-1-180x180.jpg 180w\" sizes=\"(max-width: 1200px) 100vw, 1200px\" \/><\/a><\/div><div class=\"gb-block-post-grid-text\"><header class=\"gb-block-post-grid-header\"><h3 class=\"gb-block-post-grid-title\"><a href=\"https:\/\/nelidesign.com\/fr\/thermocollant-floque-cricut\/\" rel=\"bookmark\">Thermocollant floqu\u00e9 Cricut : test, astuces et id\u00e9es cr\u00e9atives<\/a><\/h3><div class=\"gb-block-post-grid-byline\"><\/div><\/header><div class=\"gb-block-post-grid-excerpt\"><p>Le thermocollant floqu\u00e9, c'est un peu le doudou du vinyle : doux, textur\u00e9 et id\u00e9al pour apporter une touche chaleureuse \u00e0 vos cr\u00e9ations. Dans ce tutoriel, je vous montre comment je l'ai test\u00e9 sur un projet parfait pour les f\u00eates : des \u00e9tiquettes de No\u00ebl en papier cartonn\u00e9 avec du thermocollant floqu\u00e9 Cricut. Une id\u00e9e\u2026<\/p>\n<p><a class=\"gb-block-post-grid-more-link gb-text-link\" href=\"https:\/\/nelidesign.com\/fr\/thermocollant-floque-cricut\/\" rel=\"bookmark\">Continuez \u00e0 lire <span class=\"screen-reader-text\">Thermocollant floqu\u00e9 Cricut : test, astuces et id\u00e9es cr\u00e9atives<\/span><\/a><\/p><\/div><\/div><\/article>\n<article id=\"post-44318\" class=\"gb-post-grid-item post-44318 post type-post status-publish format-standard has-post-thumbnail category-cricut-explore-fr category-cricut-joy-fr category-cricut-maker-fr category-cricut-venture category-derniers-articles category-design-space-fr entry\"><div class=\"gb-block-post-grid-image\"><a href=\"https:\/\/nelidesign.com\/fr\/imprimer-puis-decouper-recto-verso-cricut\/\" rel=\"bookmark\" aria-hidden=\"true\" tabindex=\"-1\"><img decoding=\"async\" width=\"1200\" height=\"1200\" src=\"https:\/\/nelidesign.com\/wp-content\/uploads\/2025\/11\/Feature-recto-verso-1.jpg\" class=\"attachment-full size-full\" alt=\"\u00c9tiquettes recto-verso Cricut\" srcset=\"https:\/\/nelidesign.com\/wp-content\/uploads\/2025\/11\/Feature-recto-verso-1.jpg 1200w, https:\/\/nelidesign.com\/wp-content\/uploads\/2025\/11\/Feature-recto-verso-1-100x100.jpg 100w, https:\/\/nelidesign.com\/wp-content\/uploads\/2025\/11\/Feature-recto-verso-1-768x768.jpg 768w, https:\/\/nelidesign.com\/wp-content\/uploads\/2025\/11\/Feature-recto-verso-1-600x600.jpg 600w, https:\/\/nelidesign.com\/wp-content\/uploads\/2025\/11\/Feature-recto-verso-1-720x720.jpg 720w, https:\/\/nelidesign.com\/wp-content\/uploads\/2025\/11\/Feature-recto-verso-1-360x360.jpg 360w, https:\/\/nelidesign.com\/wp-content\/uploads\/2025\/11\/Feature-recto-verso-1-180x180.jpg 180w\" sizes=\"(max-width: 1200px) 100vw, 1200px\" \/><\/a><\/div><div class=\"gb-block-post-grid-text\"><header class=\"gb-block-post-grid-header\"><h3 class=\"gb-block-post-grid-title\"><a href=\"https:\/\/nelidesign.com\/fr\/imprimer-puis-decouper-recto-verso-cricut\/\" rel=\"bookmark\">Imprimer puis d\u00e9couper recto-verso avec Cricut<\/a><\/h3><div class=\"gb-block-post-grid-byline\"><\/div><\/header><div class=\"gb-block-post-grid-excerpt\"><p>Dans ce tutoriel, vous apprendrez comment utiliser un gabarit personnalis\u00e9 pour imprimer puis d\u00e9couper recto-verso avec Cricut en utilisant un gabarit. J'ai cr\u00e9\u00e9 ce gabarit au d\u00e9part pour maximiser vos feuilles d'autocollants. Vous pouvez voir les d\u00e9tails dans cette publication. L'exemple recto-verso montr\u00e9 dans la vid\u00e9o est une \u00e9tiquette de No\u00ebl en forme de tuque\u2026<\/p>\n<p><a class=\"gb-block-post-grid-more-link gb-text-link\" href=\"https:\/\/nelidesign.com\/fr\/imprimer-puis-decouper-recto-verso-cricut\/\" rel=\"bookmark\">Continuez \u00e0 lire <span class=\"screen-reader-text\">Imprimer puis d\u00e9couper recto-verso avec Cricut<\/span><\/a><\/p><\/div><\/div><\/article>\n<\/div><\/section>","protected":false},"excerpt":{"rendered":"<p>Merci! Vos pr\u00e9f\u00e9rences ont \u00e9t\u00e9 mises \u00e0 jour. Voyez les derniers articles publi\u00e9s :<\/p>\n","protected":false},"author":1,"featured_media":0,"parent":0,"menu_order":0,"comment_status":"closed","ping_status":"closed","template":"","meta":{"_genesis_hide_title":false,"_genesis_hide_breadcrumbs":false,"_genesis_hide_singular_image":false,"_genesis_hide_footer_widgets":false,"_genesis_custom_body_class":"","_genesis_custom_post_class":"","_genesis_layout":"","footnotes":""},"class_list":{"0":"post-9119","1":"page","2":"type-page","3":"status-publish","5":"entry"},"yoast_head":"<!-- This site is optimized with the Yoast SEO plugin v27.4 - https:\/\/yoast.com\/product\/yoast-seo-wordpress\/ -->\n<title>Mise \u00e0 jour faite! - NeliDesign<\/title>\n<meta name=\"robots\" content=\"index, follow, max-snippet:-1, max-image-preview:large, max-video-preview:-1\" \/>\n<link rel=\"canonical\" href=\"https:\/\/nelidesign.com\/fr\/update\/\" \/>\n<meta property=\"og:locale\" content=\"fr_FR\" \/>\n<meta property=\"og:type\" content=\"article\" \/>\n<meta property=\"og:title\" content=\"Mise \u00e0 jour faite! - NeliDesign\" \/>\n<meta property=\"og:description\" content=\"Merci! Vos pr\u00e9f\u00e9rences ont \u00e9t\u00e9 mises \u00e0 jour. Voyez les derniers articles publi\u00e9s :\" \/>\n<meta property=\"og:url\" content=\"https:\/\/nelidesign.com\/fr\/update\/\" \/>\n<meta property=\"og:site_name\" content=\"NeliDesign\" \/>\n<meta property=\"article:publisher\" content=\"https:\/\/www.facebook.com\/Natalie.NeliDesign\/\" \/>\n<meta property=\"article:modified_time\" content=\"2023-11-27T14:32:03+00:00\" \/>\n<meta property=\"og:image\" content=\"https:\/\/nelidesign.com\/wp-content\/uploads\/2020\/11\/Neli-Design-Yoast-FB-1.png\" \/>\n\t<meta property=\"og:image:width\" content=\"1200\" \/>\n\t<meta property=\"og:image:height\" content=\"630\" \/>\n\t<meta property=\"og:image:type\" content=\"image\/png\" \/>\n<meta name=\"twitter:card\" content=\"summary_large_image\" \/>\n<meta name=\"twitter:site\" content=\"@nelidesign\" \/>\n<meta name=\"twitter:label1\" content=\"Dur\u00e9e de lecture estim\u00e9e\" \/>\n\t<meta name=\"twitter:data1\" content=\"1 minute\" \/>\n<script type=\"application\/ld+json\" class=\"yoast-schema-graph\">{\"@context\":\"https:\\\/\\\/schema.org\",\"@graph\":[{\"@type\":\"WebPage\",\"@id\":\"https:\\\/\\\/nelidesign.com\\\/fr\\\/update\\\/\",\"url\":\"https:\\\/\\\/nelidesign.com\\\/fr\\\/update\\\/\",\"name\":\"Mise \u00e0 jour faite! - NeliDesign\",\"isPartOf\":{\"@id\":\"https:\\\/\\\/nelidesign.com\\\/fr\\\/#website\"},\"datePublished\":\"2018-10-13T18:57:52+00:00\",\"dateModified\":\"2023-11-27T14:32:03+00:00\",\"breadcrumb\":{\"@id\":\"https:\\\/\\\/nelidesign.com\\\/fr\\\/update\\\/#breadcrumb\"},\"inLanguage\":\"fr-FR\",\"potentialAction\":[{\"@type\":\"ReadAction\",\"target\":[\"https:\\\/\\\/nelidesign.com\\\/fr\\\/update\\\/\"]}]},{\"@type\":\"BreadcrumbList\",\"@id\":\"https:\\\/\\\/nelidesign.com\\\/fr\\\/update\\\/#breadcrumb\",\"itemListElement\":[{\"@type\":\"ListItem\",\"position\":1,\"name\":\"Home\",\"item\":\"https:\\\/\\\/nelidesign.com\\\/fr\\\/\"},{\"@type\":\"ListItem\",\"position\":2,\"name\":\"Mise \u00e0 jour faite!\"}]},{\"@type\":\"WebSite\",\"@id\":\"https:\\\/\\\/nelidesign.com\\\/fr\\\/#website\",\"url\":\"https:\\\/\\\/nelidesign.com\\\/fr\\\/\",\"name\":\"NeliDesign\",\"description\":\"Projets cr\u00e9atifs pour une d\u00e9co qui vous plait\",\"publisher\":{\"@id\":\"https:\\\/\\\/nelidesign.com\\\/fr\\\/#\\\/schema\\\/person\\\/07194ebfb7711949a8cdd1a9da087cdd\"},\"potentialAction\":[{\"@type\":\"SearchAction\",\"target\":{\"@type\":\"EntryPoint\",\"urlTemplate\":\"https:\\\/\\\/nelidesign.com\\\/fr\\\/?s={search_term_string}\"},\"query-input\":{\"@type\":\"PropertyValueSpecification\",\"valueRequired\":true,\"valueName\":\"search_term_string\"}}],\"inLanguage\":\"fr-FR\"},{\"@type\":[\"Person\",\"Organization\"],\"@id\":\"https:\\\/\\\/nelidesign.com\\\/fr\\\/#\\\/schema\\\/person\\\/07194ebfb7711949a8cdd1a9da087cdd\",\"name\":\"Natalie\",\"image\":{\"@type\":\"ImageObject\",\"inLanguage\":\"fr-FR\",\"@id\":\"https:\\\/\\\/nelidesign.com\\\/wp-content\\\/uploads\\\/2021\\\/10\\\/Natalie2021-1.jpg\",\"url\":\"https:\\\/\\\/nelidesign.com\\\/wp-content\\\/uploads\\\/2021\\\/10\\\/Natalie2021-1.jpg\",\"contentUrl\":\"https:\\\/\\\/nelidesign.com\\\/wp-content\\\/uploads\\\/2021\\\/10\\\/Natalie2021-1.jpg\",\"width\":350,\"height\":500,\"caption\":\"Natalie\"},\"logo\":{\"@id\":\"https:\\\/\\\/nelidesign.com\\\/wp-content\\\/uploads\\\/2021\\\/10\\\/Natalie2021-1.jpg\"},\"sameAs\":[\"https:\\\/\\\/nelidesign.com\\\/about-me2\\\/\",\"https:\\\/\\\/www.facebook.com\\\/Natalie.NeliDesign\\\/\",\"https:\\\/\\\/www.instagram.com\\\/Natalie.NeliDesign\\\/\",\"https:\\\/\\\/www.pinterest.com\\\/nelidesign\\\/\",\"https:\\\/\\\/www.youtube.com\\\/nelidesign\"]}]}<\/script>\n<!-- \/ Yoast SEO plugin. -->","yoast_head_json":{"title":"Mise \u00e0 jour faite! - NeliDesign","robots":{"index":"index","follow":"follow","max-snippet":"max-snippet:-1","max-image-preview":"max-image-preview:large","max-video-preview":"max-video-preview:-1"},"canonical":"https:\/\/nelidesign.com\/fr\/update\/","og_locale":"fr_FR","og_type":"article","og_title":"Mise \u00e0 jour faite! - NeliDesign","og_description":"Merci! Vos pr\u00e9f\u00e9rences ont \u00e9t\u00e9 mises \u00e0 jour. Voyez les derniers articles publi\u00e9s :","og_url":"https:\/\/nelidesign.com\/fr\/update\/","og_site_name":"NeliDesign","article_publisher":"https:\/\/www.facebook.com\/Natalie.NeliDesign\/","article_modified_time":"2023-11-27T14:32:03+00:00","og_image":[{"width":1200,"height":630,"url":"https:\/\/nelidesign.com\/wp-content\/uploads\/2020\/11\/Neli-Design-Yoast-FB-1.png","type":"image\/png"}],"twitter_card":"summary_large_image","twitter_site":"@nelidesign","twitter_misc":{"Dur\u00e9e de lecture estim\u00e9e":"1 minute"},"schema":{"@context":"https:\/\/schema.org","@graph":[{"@type":"WebPage","@id":"https:\/\/nelidesign.com\/fr\/update\/","url":"https:\/\/nelidesign.com\/fr\/update\/","name":"Mise \u00e0 jour faite! - NeliDesign","isPartOf":{"@id":"https:\/\/nelidesign.com\/fr\/#website"},"datePublished":"2018-10-13T18:57:52+00:00","dateModified":"2023-11-27T14:32:03+00:00","breadcrumb":{"@id":"https:\/\/nelidesign.com\/fr\/update\/#breadcrumb"},"inLanguage":"fr-FR","potentialAction":[{"@type":"ReadAction","target":["https:\/\/nelidesign.com\/fr\/update\/"]}]},{"@type":"BreadcrumbList","@id":"https:\/\/nelidesign.com\/fr\/update\/#breadcrumb","itemListElement":[{"@type":"ListItem","position":1,"name":"Home","item":"https:\/\/nelidesign.com\/fr\/"},{"@type":"ListItem","position":2,"name":"Mise \u00e0 jour faite!"}]},{"@type":"WebSite","@id":"https:\/\/nelidesign.com\/fr\/#website","url":"https:\/\/nelidesign.com\/fr\/","name":"NeliDesign","description":"Projets cr\u00e9atifs pour une d\u00e9co qui vous plait","publisher":{"@id":"https:\/\/nelidesign.com\/fr\/#\/schema\/person\/07194ebfb7711949a8cdd1a9da087cdd"},"potentialAction":[{"@type":"SearchAction","target":{"@type":"EntryPoint","urlTemplate":"https:\/\/nelidesign.com\/fr\/?s={search_term_string}"},"query-input":{"@type":"PropertyValueSpecification","valueRequired":true,"valueName":"search_term_string"}}],"inLanguage":"fr-FR"},{"@type":["Person","Organization"],"@id":"https:\/\/nelidesign.com\/fr\/#\/schema\/person\/07194ebfb7711949a8cdd1a9da087cdd","name":"Natalie","image":{"@type":"ImageObject","inLanguage":"fr-FR","@id":"https:\/\/nelidesign.com\/wp-content\/uploads\/2021\/10\/Natalie2021-1.jpg","url":"https:\/\/nelidesign.com\/wp-content\/uploads\/2021\/10\/Natalie2021-1.jpg","contentUrl":"https:\/\/nelidesign.com\/wp-content\/uploads\/2021\/10\/Natalie2021-1.jpg","width":350,"height":500,"caption":"Natalie"},"logo":{"@id":"https:\/\/nelidesign.com\/wp-content\/uploads\/2021\/10\/Natalie2021-1.jpg"},"sameAs":["https:\/\/nelidesign.com\/about-me2\/","https:\/\/www.facebook.com\/Natalie.NeliDesign\/","https:\/\/www.instagram.com\/Natalie.NeliDesign\/","https:\/\/www.pinterest.com\/nelidesign\/","https:\/\/www.youtube.com\/nelidesign"]}]}},"featured_image_src":null,"featured_image_src_square":null,"_links":{"self":[{"href":"https:\/\/nelidesign.com\/fr\/wp-json\/wp\/v2\/pages\/9119","targetHints":{"allow":["GET"]}}],"collection":[{"href":"https:\/\/nelidesign.com\/fr\/wp-json\/wp\/v2\/pages"}],"about":[{"href":"https:\/\/nelidesign.com\/fr\/wp-json\/wp\/v2\/types\/page"}],"author":[{"embeddable":true,"href":"https:\/\/nelidesign.com\/fr\/wp-json\/wp\/v2\/users\/1"}],"replies":[{"embeddable":true,"href":"https:\/\/nelidesign.com\/fr\/wp-json\/wp\/v2\/comments?post=9119"}],"version-history":[{"count":6,"href":"https:\/\/nelidesign.com\/fr\/wp-json\/wp\/v2\/pages\/9119\/revisions"}],"predecessor-version":[{"id":41985,"href":"https:\/\/nelidesign.com\/fr\/wp-json\/wp\/v2\/pages\/9119\/revisions\/41985"}],"wp:attachment":[{"href":"https:\/\/nelidesign.com\/fr\/wp-json\/wp\/v2\/media?parent=9119"}],"curies":[{"name":"wp","href":"https:\/\/api.w.org\/{rel}","templated":true}]}} 