{"id":36357,"date":"2022-11-27T12:48:40","date_gmt":"2022-11-27T17:48:40","guid":{"rendered":"https:\/\/nelidesign.com\/?page_id=36357"},"modified":"2023-11-07T11:39:22","modified_gmt":"2023-11-07T16:39:22","slug":"les-12-bricos-de-noel-2022","status":"publish","type":"page","link":"https:\/\/nelidesign.com\/fr\/les-12-bricos-de-noel-2022\/","title":{"rendered":"Les 12 Bricos de No\u00ebl"},"content":{"rendered":"\n<div class=\"wp-block-group\"><div class=\"wp-block-group__inner-container is-layout-constrained wp-block-group-is-layout-constrained\">\n<p class=\"has-text-align-center has-turquoise-color has-text-color\"><strong>Cette ann\u00e9e encore, je vous pr\u00e9sente les 12 bricos de No\u00ebl: 12 jours de projets, du 1er au 12 d\u00e9cembre 2022.<\/strong><\/p>\n\n\n\n<p>Pour les 12 premiers jours du mois de d\u00e9cembre, vous aurez droit \u00e0 12 projets vous permettant de cr\u00e9er et d'apprendre!<\/p>\n\n\n\n<p>Cette ann\u00e9e, j'ai d\u00e9cid\u00e9 d'y aller avec des projets simples et faciles \u00e0 r\u00e9aliser qui ne devraient pas vous prendre trop de temps! <\/p>\n\n\n\n<p>Certains pourraient m\u00eame vous aider \u00e0 cocher des choses que vous avez d\u00e9j\u00e0 planifier faire sur votre m\u00e9ga-trop-longue-liste de choses \u00e0 faire en d\u00e9cembre!<\/p>\n\n\n\n<p>Et aussi, j'ai fait de mon mieux pour que tous les projets soient compatibles avec toutes les Cricut. Oui, toutes, m\u00eame la Cricut Joy!<\/p>\n<\/div><\/div>\n\n\n\n<div class=\"wp-block-group\"><div class=\"wp-block-group__inner-container is-layout-constrained wp-block-group-is-layout-constrained\">\n<h2 class=\"wp-block-heading\">D\u00e9roulement<\/h2>\n\n\n\n<p>Chaque jour, du 1er au 12 d\u00e9cembre, un nouveau projet vous sera d\u00e9voil\u00e9!<\/p>\n\n\n\n<p>Ainsi, \u00e0 chaque jour \u00e0 9h (heure du Qu\u00e9bec, 15h, heure de Paris), les images ci-bas seront chang\u00e9es et les boutons activ\u00e9s.<\/p>\n\n\n\n<p>Chaque lien ci-dessous vous m\u00e8nera vers l'article du projet comprenant la liste des mat\u00e9riaux et la vid\u00e9o du projet.<\/p>\n<\/div><\/div>\n\n\n\n<div class=\"wp-block-genesis-blocks-gb-columns gb-slate-section-image-and-text-cta gpb-slate-image-text gb-layout-columns-2 gb-2-col-equal gb-has-custom-background-color gb-has-custom-text-color gb-columns-center alignfull\" style=\"padding-top:2em;padding-right:1em;padding-bottom:1em;padding-left:1em;background-color:#e8f5f4;color:#1f1f1f\"><div class=\"gb-layout-column-wrap gb-block-layout-column-gap-2 gb-is-responsive-column\" style=\"max-width:850px\">\n<div class=\"wp-block-genesis-blocks-gb-column gb-block-layout-column\"><div class=\"gb-block-layout-column-inner\">\n<figure class=\"wp-block-image size-full\"><img decoding=\"async\" width=\"800\" height=\"800\" fetchpriority=\"high\" src=\"https:\/\/nelidesign.com\/wp-content\/uploads\/2022\/12\/Carre-ecrire-carte-1.jpg\" alt=\"\" class=\"wp-image-38069\" srcset=\"https:\/\/nelidesign.com\/wp-content\/uploads\/2022\/12\/Carre-ecrire-carte-1.jpg 800w, https:\/\/nelidesign.com\/wp-content\/uploads\/2022\/12\/Carre-ecrire-carte-1-100x100.jpg 100w, https:\/\/nelidesign.com\/wp-content\/uploads\/2022\/12\/Carre-ecrire-carte-1-768x768.jpg 768w, https:\/\/nelidesign.com\/wp-content\/uploads\/2022\/12\/Carre-ecrire-carte-1-600x600.jpg 600w, https:\/\/nelidesign.com\/wp-content\/uploads\/2022\/12\/Carre-ecrire-carte-1-728x728.jpg 728w\" sizes=\"(max-width: 800px) 100vw, 800px\" \/><\/figure>\n<\/div><\/div>\n\n\n\n<div class=\"wp-block-genesis-blocks-gb-column gb-block-layout-column gb-is-vertically-aligned-center\"><div class=\"gb-block-layout-column-inner\">\n<h2 class=\"wp-block-heading has-text-color\" style=\"color:#1f1f1f;font-size:40px\">Jour 1<\/h2>\n\n\n\n<p class=\"has-text-color\" style=\"color:#1f1f1f\">\u00c9crire des voeux \u00e0 l'int\u00e9rieur d'une carte, c'est facile avec votre Cricut!<\/p>\n\n\n\n<div class=\"wp-block-buttons is-content-justification-center is-layout-flex wp-container-core-buttons-is-layout-a89b3969 wp-block-buttons-is-layout-flex\">\n<div class=\"wp-block-button\"><a class=\"wp-block-button__link has-fushia-background-color has-text-color has-background wp-element-button\" href=\"https:\/\/nelidesign.com\/fr\/ecrire-des-voeux-a-linterieur-dune-carte-a-laide-de-votre-cricut\/\" style=\"border-radius:4px;color:#ffffff\"><strong>Voir le projet<\/strong><\/a><\/div>\n<\/div>\n<\/div><\/div>\n<\/div><\/div>\n\n\n\n<p><\/p>\n\n\n\n<div class=\"wp-block-genesis-blocks-gb-columns gb-slate-section-image-and-text-cta gpb-slate-image-text gb-layout-columns-2 gb-2-col-equal gb-has-custom-background-color gb-has-custom-text-color gb-columns-center alignfull\" style=\"padding-top:2em;padding-right:1em;padding-bottom:1em;padding-left:1em;background-color:#e8f5f4;color:#1f1f1f\"><div class=\"gb-layout-column-wrap gb-block-layout-column-gap-2 gb-is-responsive-column\" style=\"max-width:850px\">\n<div class=\"wp-block-genesis-blocks-gb-column gb-block-layout-column\"><div class=\"gb-block-layout-column-inner\">\n<figure class=\"wp-block-image size-full\"><img decoding=\"async\" width=\"800\" height=\"800\" src=\"https:\/\/nelidesign.com\/wp-content\/uploads\/2022\/12\/Carre-cartes-1.jpg\" alt=\"\" class=\"wp-image-38076\" srcset=\"https:\/\/nelidesign.com\/wp-content\/uploads\/2022\/12\/Carre-cartes-1.jpg 800w, https:\/\/nelidesign.com\/wp-content\/uploads\/2022\/12\/Carre-cartes-1-100x100.jpg 100w, https:\/\/nelidesign.com\/wp-content\/uploads\/2022\/12\/Carre-cartes-1-768x768.jpg 768w, https:\/\/nelidesign.com\/wp-content\/uploads\/2022\/12\/Carre-cartes-1-600x600.jpg 600w, https:\/\/nelidesign.com\/wp-content\/uploads\/2022\/12\/Carre-cartes-1-728x728.jpg 728w\" sizes=\"(max-width: 800px) 100vw, 800px\" \/><\/figure>\n<\/div><\/div>\n\n\n\n<div class=\"wp-block-genesis-blocks-gb-column gb-block-layout-column gb-is-vertically-aligned-center\"><div class=\"gb-block-layout-column-inner\">\n<h2 class=\"wp-block-heading has-text-color\" style=\"color:#1f1f1f;font-size:40px\">Jour 2<\/h2>\n\n\n\n<p class=\"has-text-color\" style=\"color:#1f1f1f\">R\u00e9aliser facilement des cartes de No\u00ebl avec votre Cricut.<\/p>\n\n\n\n<div class=\"wp-block-buttons is-content-justification-center is-layout-flex wp-container-core-buttons-is-layout-a89b3969 wp-block-buttons-is-layout-flex\">\n<div class=\"wp-block-button\"><a class=\"wp-block-button__link has-fushia-background-color has-text-color has-background wp-element-button\" href=\"https:\/\/nelidesign.com\/fr\/realiser-facilement-des-cartes-de-noel-avec-nimporte-quelle-cricut\/\" style=\"border-radius:4px;color:#ffffff\"><strong>Voir le projet<\/strong><\/a><\/div>\n<\/div>\n<\/div><\/div>\n<\/div><\/div>\n\n\n\n<p><\/p>\n\n\n\n<div class=\"wp-block-genesis-blocks-gb-columns gb-slate-section-image-and-text-cta gpb-slate-image-text gb-layout-columns-2 gb-2-col-equal gb-has-custom-background-color gb-has-custom-text-color gb-columns-center alignfull\" style=\"padding-top:2em;padding-right:1em;padding-bottom:1em;padding-left:1em;background-color:#e8f5f4;color:#1f1f1f\"><div class=\"gb-layout-column-wrap gb-block-layout-column-gap-2 gb-is-responsive-column\" style=\"max-width:850px\">\n<div class=\"wp-block-genesis-blocks-gb-column gb-block-layout-column\"><div class=\"gb-block-layout-column-inner\">\n<figure class=\"wp-block-image size-full\"><img decoding=\"async\" width=\"800\" height=\"800\" src=\"https:\/\/nelidesign.com\/wp-content\/uploads\/2022\/12\/Carre-4.jpg\" alt=\"\" class=\"wp-image-38100\" srcset=\"https:\/\/nelidesign.com\/wp-content\/uploads\/2022\/12\/Carre-4.jpg 800w, https:\/\/nelidesign.com\/wp-content\/uploads\/2022\/12\/Carre-4-100x100.jpg 100w, https:\/\/nelidesign.com\/wp-content\/uploads\/2022\/12\/Carre-4-768x768.jpg 768w, https:\/\/nelidesign.com\/wp-content\/uploads\/2022\/12\/Carre-4-600x600.jpg 600w, https:\/\/nelidesign.com\/wp-content\/uploads\/2022\/12\/Carre-4-728x728.jpg 728w\" sizes=\"(max-width: 800px) 100vw, 800px\" \/><\/figure>\n<\/div><\/div>\n\n\n\n<div class=\"wp-block-genesis-blocks-gb-column gb-block-layout-column gb-is-vertically-aligned-center\"><div class=\"gb-block-layout-column-inner\">\n<h2 class=\"wp-block-heading has-text-color\" style=\"color:#1f1f1f;font-size:40px\">Jour 3<\/h2>\n\n\n\n<p class=\"has-text-color\" style=\"color:#1f1f1f\">Comment adresser une ou des enveloppes avec votre Cricut<\/p>\n\n\n\n<div class=\"wp-block-buttons is-content-justification-center is-layout-flex wp-container-core-buttons-is-layout-a89b3969 wp-block-buttons-is-layout-flex\">\n<div class=\"wp-block-button\"><a class=\"wp-block-button__link has-fushia-background-color has-text-color has-background wp-element-button\" href=\"https:\/\/nelidesign.com\/fr\/comment-adresser-une-enveloppe-avec-cricut\/\" style=\"border-radius:4px;color:#ffffff\"><strong>Voir le projet<\/strong><\/a><\/div>\n<\/div>\n<\/div><\/div>\n<\/div><\/div>\n\n\n\n<p><\/p>\n\n\n\n<div class=\"wp-block-genesis-blocks-gb-columns gb-slate-section-image-and-text-cta gpb-slate-image-text gb-layout-columns-2 gb-2-col-equal gb-has-custom-background-color gb-has-custom-text-color gb-columns-center alignfull\" style=\"padding-top:2em;padding-right:1em;padding-bottom:1em;padding-left:1em;background-color:#e8f5f4;color:#1f1f1f\"><div class=\"gb-layout-column-wrap gb-block-layout-column-gap-2 gb-is-responsive-column\" style=\"max-width:850px\">\n<div class=\"wp-block-genesis-blocks-gb-column gb-block-layout-column\"><div class=\"gb-block-layout-column-inner\">\n<figure class=\"wp-block-image size-full\"><img decoding=\"async\" width=\"800\" height=\"800\" src=\"https:\/\/nelidesign.com\/wp-content\/uploads\/2022\/12\/Carre-3.jpg\" alt=\"\" class=\"wp-image-38110\" srcset=\"https:\/\/nelidesign.com\/wp-content\/uploads\/2022\/12\/Carre-3.jpg 800w, https:\/\/nelidesign.com\/wp-content\/uploads\/2022\/12\/Carre-3-100x100.jpg 100w, https:\/\/nelidesign.com\/wp-content\/uploads\/2022\/12\/Carre-3-768x768.jpg 768w, https:\/\/nelidesign.com\/wp-content\/uploads\/2022\/12\/Carre-3-600x600.jpg 600w, https:\/\/nelidesign.com\/wp-content\/uploads\/2022\/12\/Carre-3-728x728.jpg 728w\" sizes=\"(max-width: 800px) 100vw, 800px\" \/><\/figure>\n<\/div><\/div>\n\n\n\n<div class=\"wp-block-genesis-blocks-gb-column gb-block-layout-column gb-is-vertically-aligned-center\"><div class=\"gb-block-layout-column-inner\">\n<h2 class=\"wp-block-heading has-text-color\" style=\"color:#1f1f1f;font-size:40px\">Jour 4<\/h2>\n\n\n\n<p class=\"has-text-color\" style=\"color:#1f1f1f\">Cadeau \u00e0 faire? R\u00e9alisez ce signet en simili cuir et vinyle thermocollant!<\/p>\n\n\n\n<div class=\"wp-block-buttons is-content-justification-center is-layout-flex wp-container-core-buttons-is-layout-a89b3969 wp-block-buttons-is-layout-flex\">\n<div class=\"wp-block-button\"><a class=\"wp-block-button__link has-fushia-background-color has-text-color has-background wp-element-button\" href=\"https:\/\/nelidesign.com\/fr\/signet-simili-cuir\/\" style=\"border-radius:4px;color:#ffffff\"><strong>Voir le projet<\/strong><\/a><\/div>\n<\/div>\n<\/div><\/div>\n<\/div><\/div>\n\n\n\n<p><\/p>\n\n\n\n<div class=\"wp-block-genesis-blocks-gb-columns gb-slate-section-image-and-text-cta gpb-slate-image-text gb-layout-columns-2 gb-2-col-equal gb-has-custom-background-color gb-has-custom-text-color gb-columns-center alignfull\" style=\"padding-top:2em;padding-right:1em;padding-bottom:1em;padding-left:1em;background-color:#e8f5f4;color:#1f1f1f\"><div class=\"gb-layout-column-wrap gb-block-layout-column-gap-2 gb-is-responsive-column\" style=\"max-width:850px\">\n<div class=\"wp-block-genesis-blocks-gb-column gb-block-layout-column\"><div class=\"gb-block-layout-column-inner\">\n<figure class=\"wp-block-image size-full\"><img decoding=\"async\" width=\"800\" height=\"800\" src=\"https:\/\/nelidesign.com\/wp-content\/uploads\/2022\/12\/Carre-2.jpg\" alt=\"\" class=\"wp-image-38138\" srcset=\"https:\/\/nelidesign.com\/wp-content\/uploads\/2022\/12\/Carre-2.jpg 800w, https:\/\/nelidesign.com\/wp-content\/uploads\/2022\/12\/Carre-2-100x100.jpg 100w, https:\/\/nelidesign.com\/wp-content\/uploads\/2022\/12\/Carre-2-768x768.jpg 768w, https:\/\/nelidesign.com\/wp-content\/uploads\/2022\/12\/Carre-2-600x600.jpg 600w, https:\/\/nelidesign.com\/wp-content\/uploads\/2022\/12\/Carre-2-728x728.jpg 728w\" sizes=\"(max-width: 800px) 100vw, 800px\" \/><\/figure>\n<\/div><\/div>\n\n\n\n<div class=\"wp-block-genesis-blocks-gb-column gb-block-layout-column gb-is-vertically-aligned-center\"><div class=\"gb-block-layout-column-inner\">\n<h2 class=\"wp-block-heading has-text-color\" style=\"color:#1f1f1f;font-size:40px\">Jour 5<\/h2>\n\n\n\n<p class=\"has-text-color\" style=\"color:#1f1f1f\">Cr\u00e9ez des ornements en feutre inspir\u00e9s d'IKEA.<\/p>\n\n\n\n<div class=\"wp-block-buttons is-content-justification-center is-layout-flex wp-container-core-buttons-is-layout-a89b3969 wp-block-buttons-is-layout-flex\">\n<div class=\"wp-block-button\"><a class=\"wp-block-button__link has-fushia-background-color has-text-color has-background wp-element-button\" href=\"https:\/\/nelidesign.com\/fr\/ornements-noel-scandinaves-feutrine\/\" style=\"border-radius:4px;color:#ffffff\"><strong>Voir le projet<\/strong><\/a><\/div>\n<\/div>\n<\/div><\/div>\n<\/div><\/div>\n\n\n\n<p><\/p>\n\n\n\n<div class=\"wp-block-genesis-blocks-gb-columns gb-slate-section-image-and-text-cta gpb-slate-image-text gb-layout-columns-2 gb-2-col-equal gb-has-custom-background-color gb-has-custom-text-color gb-columns-center alignfull\" style=\"padding-top:2em;padding-right:1em;padding-bottom:1em;padding-left:1em;background-color:#e8f5f4;color:#1f1f1f\"><div class=\"gb-layout-column-wrap gb-block-layout-column-gap-2 gb-is-responsive-column\" style=\"max-width:850px\">\n<div class=\"wp-block-genesis-blocks-gb-column gb-block-layout-column\"><div class=\"gb-block-layout-column-inner\">\n<figure class=\"wp-block-image size-full\"><img decoding=\"async\" width=\"800\" height=\"800\" src=\"https:\/\/nelidesign.com\/wp-content\/uploads\/2022\/12\/Carre-1.jpg\" alt=\"\" class=\"wp-image-38155\" srcset=\"https:\/\/nelidesign.com\/wp-content\/uploads\/2022\/12\/Carre-1.jpg 800w, https:\/\/nelidesign.com\/wp-content\/uploads\/2022\/12\/Carre-1-100x100.jpg 100w, https:\/\/nelidesign.com\/wp-content\/uploads\/2022\/12\/Carre-1-768x768.jpg 768w, https:\/\/nelidesign.com\/wp-content\/uploads\/2022\/12\/Carre-1-600x600.jpg 600w, https:\/\/nelidesign.com\/wp-content\/uploads\/2022\/12\/Carre-1-728x728.jpg 728w\" sizes=\"(max-width: 800px) 100vw, 800px\" \/><\/figure>\n<\/div><\/div>\n\n\n\n<div class=\"wp-block-genesis-blocks-gb-column gb-block-layout-column gb-is-vertically-aligned-center\"><div class=\"gb-block-layout-column-inner\">\n<h2 class=\"wp-block-heading has-text-color\" style=\"color:#1f1f1f;font-size:40px\">Jour 6<\/h2>\n\n\n\n<p class=\"has-text-color\" style=\"color:#1f1f1f\">R\u00e9alisez une ou des boules en carton 3D. Vari\u00e9s les cartons, la grosseur, utilisez vos retailles, les possibilit\u00e9s sont infinies!<\/p>\n\n\n\n<div class=\"wp-block-buttons is-content-justification-center is-layout-flex wp-container-core-buttons-is-layout-a89b3969 wp-block-buttons-is-layout-flex\">\n<div class=\"wp-block-button\"><a class=\"wp-block-button__link has-fushia-background-color has-text-color has-background wp-element-button\" href=\"https:\/\/nelidesign.com\/fr\/realiser-une-boule-de-noel-3d-en-papier-cartonne\/\" style=\"border-radius:4px;color:#ffffff\"><strong>Voir le projet<\/strong><\/a><\/div>\n<\/div>\n<\/div><\/div>\n<\/div><\/div>\n\n\n\n<p><\/p>\n\n\n\n<div class=\"wp-block-genesis-blocks-gb-columns gb-slate-section-image-and-text-cta gpb-slate-image-text gb-layout-columns-2 gb-2-col-equal gb-has-custom-background-color gb-has-custom-text-color gb-columns-center alignfull\" style=\"padding-top:2em;padding-right:1em;padding-bottom:1em;padding-left:1em;background-color:#e8f5f4;color:#1f1f1f\"><div class=\"gb-layout-column-wrap gb-block-layout-column-gap-2 gb-is-responsive-column\" style=\"max-width:850px\">\n<div class=\"wp-block-genesis-blocks-gb-column gb-block-layout-column\"><div class=\"gb-block-layout-column-inner\">\n<figure class=\"wp-block-image size-full\"><img decoding=\"async\" width=\"800\" height=\"800\" src=\"https:\/\/nelidesign.com\/wp-content\/uploads\/2022\/12\/Carre-plateau-1.jpg\" alt=\"\" class=\"wp-image-38166\" srcset=\"https:\/\/nelidesign.com\/wp-content\/uploads\/2022\/12\/Carre-plateau-1.jpg 800w, https:\/\/nelidesign.com\/wp-content\/uploads\/2022\/12\/Carre-plateau-1-100x100.jpg 100w, https:\/\/nelidesign.com\/wp-content\/uploads\/2022\/12\/Carre-plateau-1-768x768.jpg 768w, https:\/\/nelidesign.com\/wp-content\/uploads\/2022\/12\/Carre-plateau-1-600x600.jpg 600w, https:\/\/nelidesign.com\/wp-content\/uploads\/2022\/12\/Carre-plateau-1-728x728.jpg 728w\" sizes=\"(max-width: 800px) 100vw, 800px\" \/><\/figure>\n<\/div><\/div>\n\n\n\n<div class=\"wp-block-genesis-blocks-gb-column gb-block-layout-column gb-is-vertically-aligned-center\"><div class=\"gb-block-layout-column-inner\">\n<h2 class=\"wp-block-heading has-text-color\" style=\"color:#1f1f1f;font-size:40px\">Jour 7<\/h2>\n\n\n\n<p class=\"has-text-color\" style=\"color:#1f1f1f\">R\u00e9alisez un plateau pour remercier le P\u00e8re-No\u00ebl et ses rennes.<\/p>\n\n\n\n<div class=\"wp-block-buttons is-content-justification-center is-layout-flex wp-container-core-buttons-is-layout-a89b3969 wp-block-buttons-is-layout-flex\">\n<div class=\"wp-block-button\"><a class=\"wp-block-button__link has-fushia-background-color has-text-color has-background wp-element-button\" href=\"https:\/\/nelidesign.com\/fr\/diy-assiette-et-plateau-pour-le-pere-noel\/\" style=\"border-radius:4px;color:#ffffff\"><strong>Voir le projet<\/strong><\/a><\/div>\n<\/div>\n<\/div><\/div>\n<\/div><\/div>\n\n\n\n<p><\/p>\n\n\n\n<div class=\"wp-block-genesis-blocks-gb-columns gb-slate-section-image-and-text-cta gpb-slate-image-text gb-layout-columns-2 gb-2-col-equal gb-has-custom-background-color gb-has-custom-text-color gb-columns-center alignfull\" style=\"padding-top:2em;padding-right:1em;padding-bottom:1em;padding-left:1em;background-color:#e8f5f4;color:#1f1f1f\"><div class=\"gb-layout-column-wrap gb-block-layout-column-gap-2 gb-is-responsive-column\" style=\"max-width:850px\">\n<div class=\"wp-block-genesis-blocks-gb-column gb-block-layout-column\"><div class=\"gb-block-layout-column-inner\">\n<figure class=\"wp-block-image size-full\"><img decoding=\"async\" width=\"800\" height=\"800\" src=\"https:\/\/nelidesign.com\/wp-content\/uploads\/2022\/12\/Carre-jarre-biscuit-1.jpg\" alt=\"\" class=\"wp-image-38200\" srcset=\"https:\/\/nelidesign.com\/wp-content\/uploads\/2022\/12\/Carre-jarre-biscuit-1.jpg 800w, https:\/\/nelidesign.com\/wp-content\/uploads\/2022\/12\/Carre-jarre-biscuit-1-100x100.jpg 100w, https:\/\/nelidesign.com\/wp-content\/uploads\/2022\/12\/Carre-jarre-biscuit-1-768x768.jpg 768w, https:\/\/nelidesign.com\/wp-content\/uploads\/2022\/12\/Carre-jarre-biscuit-1-600x600.jpg 600w, https:\/\/nelidesign.com\/wp-content\/uploads\/2022\/12\/Carre-jarre-biscuit-1-728x728.jpg 728w\" sizes=\"(max-width: 800px) 100vw, 800px\" \/><\/figure>\n<\/div><\/div>\n\n\n\n<div class=\"wp-block-genesis-blocks-gb-column gb-block-layout-column gb-is-vertically-aligned-center\"><div class=\"gb-block-layout-column-inner\">\n<h2 class=\"wp-block-heading has-text-color\" style=\"color:#1f1f1f;font-size:40px\">Jour 8<\/h2>\n\n\n\n<p class=\"has-text-color\" style=\"color:#1f1f1f\">R\u00e9alisez une jarre \u00e0 biscuits pour le P\u00e8re-No\u00ebl et pour....<\/p>\n\n\n\n<div class=\"wp-block-buttons is-content-justification-center is-layout-flex wp-container-core-buttons-is-layout-a89b3969 wp-block-buttons-is-layout-flex\">\n<div class=\"wp-block-button\"><a class=\"wp-block-button__link has-fushia-background-color has-text-color has-background wp-element-button\" href=\"https:\/\/nelidesign.com\/fr\/diy-jarre-biscuits-pour-le-pere-noel\/\" style=\"border-radius:4px;color:#ffffff\"><strong>Voir le projet<\/strong><\/a><\/div>\n<\/div>\n<\/div><\/div>\n<\/div><\/div>\n\n\n\n<p><\/p>\n\n\n\n<div class=\"wp-block-genesis-blocks-gb-columns gb-slate-section-image-and-text-cta gpb-slate-image-text gb-layout-columns-2 gb-2-col-equal gb-has-custom-background-color gb-has-custom-text-color gb-columns-center alignfull\" style=\"padding-top:2em;padding-right:1em;padding-bottom:1em;padding-left:1em;background-color:#e8f5f4;color:#1f1f1f\"><div class=\"gb-layout-column-wrap gb-block-layout-column-gap-2 gb-is-responsive-column\" style=\"max-width:850px\">\n<div class=\"wp-block-genesis-blocks-gb-column gb-block-layout-column\"><div class=\"gb-block-layout-column-inner\">\n<figure class=\"wp-block-image size-full\"><img decoding=\"async\" width=\"800\" height=\"800\" src=\"https:\/\/nelidesign.com\/wp-content\/uploads\/2022\/12\/Carre-tablier-1.jpg\" alt=\"\" class=\"wp-image-38236\" srcset=\"https:\/\/nelidesign.com\/wp-content\/uploads\/2022\/12\/Carre-tablier-1.jpg 800w, https:\/\/nelidesign.com\/wp-content\/uploads\/2022\/12\/Carre-tablier-1-100x100.jpg 100w, https:\/\/nelidesign.com\/wp-content\/uploads\/2022\/12\/Carre-tablier-1-768x768.jpg 768w, https:\/\/nelidesign.com\/wp-content\/uploads\/2022\/12\/Carre-tablier-1-600x600.jpg 600w, https:\/\/nelidesign.com\/wp-content\/uploads\/2022\/12\/Carre-tablier-1-728x728.jpg 728w\" sizes=\"(max-width: 800px) 100vw, 800px\" \/><\/figure>\n<\/div><\/div>\n\n\n\n<div class=\"wp-block-genesis-blocks-gb-column gb-block-layout-column gb-is-vertically-aligned-center\"><div class=\"gb-block-layout-column-inner\">\n<h2 class=\"wp-block-heading has-text-color\" style=\"color:#1f1f1f;font-size:40px\">Jour 9<\/h2>\n\n\n\n<p class=\"has-text-color\" style=\"color:#1f1f1f\">Personnalisez un tablier en fran\u00e7ais pour No\u00ebl<\/p>\n\n\n\n<div class=\"wp-block-buttons is-content-justification-center is-layout-flex wp-container-core-buttons-is-layout-a89b3969 wp-block-buttons-is-layout-flex\">\n<div class=\"wp-block-button\"><a class=\"wp-block-button__link has-fushia-background-color has-text-color has-background wp-element-button\" href=\"https:\/\/nelidesign.com\/fr\/personnaliser-un-tablier-pour-noel-en-francais\/\" style=\"border-radius:4px;color:#ffffff\"><strong>Voir le projet<\/strong><\/a><\/div>\n<\/div>\n<\/div><\/div>\n<\/div><\/div>\n\n\n\n<p><\/p>\n\n\n\n<div class=\"wp-block-genesis-blocks-gb-columns gb-slate-section-image-and-text-cta gpb-slate-image-text gb-layout-columns-2 gb-2-col-equal gb-has-custom-background-color gb-has-custom-text-color gb-columns-center alignfull\" style=\"padding-top:2em;padding-right:1em;padding-bottom:1em;padding-left:1em;background-color:#e8f5f4;color:#1f1f1f\"><div class=\"gb-layout-column-wrap gb-block-layout-column-gap-2 gb-is-responsive-column\" style=\"max-width:850px\">\n<div class=\"wp-block-genesis-blocks-gb-column gb-block-layout-column\"><div class=\"gb-block-layout-column-inner\">\n<figure class=\"wp-block-image size-full\"><img decoding=\"async\" width=\"800\" height=\"800\" src=\"https:\/\/nelidesign.com\/wp-content\/uploads\/2022\/12\/Carre-etiquettes-1.jpg\" alt=\"\" class=\"wp-image-38242\" srcset=\"https:\/\/nelidesign.com\/wp-content\/uploads\/2022\/12\/Carre-etiquettes-1.jpg 800w, https:\/\/nelidesign.com\/wp-content\/uploads\/2022\/12\/Carre-etiquettes-1-100x100.jpg 100w, https:\/\/nelidesign.com\/wp-content\/uploads\/2022\/12\/Carre-etiquettes-1-768x768.jpg 768w, https:\/\/nelidesign.com\/wp-content\/uploads\/2022\/12\/Carre-etiquettes-1-600x600.jpg 600w, https:\/\/nelidesign.com\/wp-content\/uploads\/2022\/12\/Carre-etiquettes-1-728x728.jpg 728w\" sizes=\"(max-width: 800px) 100vw, 800px\" \/><\/figure>\n<\/div><\/div>\n\n\n\n<div class=\"wp-block-genesis-blocks-gb-column gb-block-layout-column gb-is-vertically-aligned-center\"><div class=\"gb-block-layout-column-inner\">\n<h2 class=\"wp-block-heading has-text-color\" style=\"color:#1f1f1f;font-size:40px\">Jour 10<\/h2>\n\n\n\n<p class=\"has-text-color\" style=\"color:#1f1f1f\">R\u00e9aliser vos propres \u00e9tiquettes pour vos cadeaux de No\u00ebl<\/p>\n\n\n\n<div class=\"wp-block-buttons is-content-justification-center is-layout-flex wp-container-core-buttons-is-layout-a89b3969 wp-block-buttons-is-layout-flex\">\n<div class=\"wp-block-button\"><a class=\"wp-block-button__link has-fushia-background-color has-text-color has-background wp-element-button\" href=\"https:\/\/nelidesign.com\/fr\/creer-des-etiquettes-pour-cadeaux-de-noel\/\" style=\"border-radius:4px;color:#ffffff\"><strong>Voir le projet<\/strong><\/a><\/div>\n<\/div>\n<\/div><\/div>\n<\/div><\/div>\n\n\n\n<p><\/p>\n\n\n\n<div class=\"wp-block-genesis-blocks-gb-columns gb-slate-section-image-and-text-cta gpb-slate-image-text gb-layout-columns-2 gb-2-col-equal gb-has-custom-background-color gb-has-custom-text-color gb-columns-center alignfull\" style=\"padding-top:2em;padding-right:1em;padding-bottom:1em;padding-left:1em;background-color:#e8f5f4;color:#1f1f1f\"><div class=\"gb-layout-column-wrap gb-block-layout-column-gap-2 gb-is-responsive-column\" style=\"max-width:850px\">\n<div class=\"wp-block-genesis-blocks-gb-column gb-block-layout-column\"><div class=\"gb-block-layout-column-inner\">\n<figure class=\"wp-block-image size-full\"><img decoding=\"async\" width=\"800\" height=\"800\" src=\"https:\/\/nelidesign.com\/wp-content\/uploads\/2022\/12\/Carre-serviette-biscuits-1.jpg\" alt=\"\" class=\"wp-image-38255\" srcset=\"https:\/\/nelidesign.com\/wp-content\/uploads\/2022\/12\/Carre-serviette-biscuits-1.jpg 800w, https:\/\/nelidesign.com\/wp-content\/uploads\/2022\/12\/Carre-serviette-biscuits-1-100x100.jpg 100w, https:\/\/nelidesign.com\/wp-content\/uploads\/2022\/12\/Carre-serviette-biscuits-1-768x768.jpg 768w, https:\/\/nelidesign.com\/wp-content\/uploads\/2022\/12\/Carre-serviette-biscuits-1-600x600.jpg 600w, https:\/\/nelidesign.com\/wp-content\/uploads\/2022\/12\/Carre-serviette-biscuits-1-728x728.jpg 728w\" sizes=\"(max-width: 800px) 100vw, 800px\" \/><\/figure>\n<\/div><\/div>\n\n\n\n<div class=\"wp-block-genesis-blocks-gb-column gb-block-layout-column gb-is-vertically-aligned-center\"><div class=\"gb-block-layout-column-inner\">\n<h2 class=\"wp-block-heading has-text-color\" style=\"color:#1f1f1f;font-size:40px\">Jour 11<\/h2>\n\n\n\n<p class=\"has-text-color\" style=\"color:#1f1f1f\">Utiliser une recette pour d\u00e9corer un linge \u00e0 vaisselle (ou autre!)<\/p>\n\n\n\n<div class=\"wp-block-buttons is-content-justification-center is-layout-flex wp-container-core-buttons-is-layout-a89b3969 wp-block-buttons-is-layout-flex\">\n<div class=\"wp-block-button\"><a class=\"wp-block-button__link has-fushia-background-color has-text-color has-background wp-element-button\" href=\"https:\/\/nelidesign.com\/fr\/projet-cricut-avec-une-recette-de-biscuits-de-noel\/\" style=\"border-radius:4px;color:#ffffff\"><strong>Voir le projet<\/strong><\/a><\/div>\n<\/div>\n<\/div><\/div>\n<\/div><\/div>\n\n\n\n<p><\/p>\n\n\n\n<div class=\"wp-block-genesis-blocks-gb-columns gb-slate-section-image-and-text-cta gpb-slate-image-text gb-layout-columns-2 gb-2-col-equal gb-has-custom-background-color gb-has-custom-text-color gb-columns-center alignfull\" style=\"padding-top:2em;padding-right:1em;padding-bottom:1em;padding-left:1em;background-color:#e8f5f4;color:#1f1f1f\"><div class=\"gb-layout-column-wrap gb-block-layout-column-gap-2 gb-is-responsive-column\" style=\"max-width:850px\">\n<div class=\"wp-block-genesis-blocks-gb-column gb-block-layout-column\"><div class=\"gb-block-layout-column-inner\">\n<figure class=\"wp-block-image size-full\"><img decoding=\"async\" width=\"800\" height=\"800\" src=\"https:\/\/nelidesign.com\/wp-content\/uploads\/2022\/12\/Carre-identification-smart-1.jpg\" alt=\"\" class=\"wp-image-38265\" srcset=\"https:\/\/nelidesign.com\/wp-content\/uploads\/2022\/12\/Carre-identification-smart-1.jpg 800w, https:\/\/nelidesign.com\/wp-content\/uploads\/2022\/12\/Carre-identification-smart-1-100x100.jpg 100w, https:\/\/nelidesign.com\/wp-content\/uploads\/2022\/12\/Carre-identification-smart-1-768x768.jpg 768w, https:\/\/nelidesign.com\/wp-content\/uploads\/2022\/12\/Carre-identification-smart-1-600x600.jpg 600w, https:\/\/nelidesign.com\/wp-content\/uploads\/2022\/12\/Carre-identification-smart-1-728x728.jpg 728w\" sizes=\"(max-width: 800px) 100vw, 800px\" \/><\/figure>\n<\/div><\/div>\n\n\n\n<div class=\"wp-block-genesis-blocks-gb-column gb-block-layout-column gb-is-vertically-aligned-center\"><div class=\"gb-block-layout-column-inner\">\n<h2 class=\"wp-block-heading has-text-color\" style=\"color:#1f1f1f;font-size:40px\">Jour 12<\/h2>\n\n\n\n<p class=\"has-text-color\" style=\"color:#1f1f1f\">Identifications classes pour les verres de vos invit\u00e9s!<\/p>\n\n\n\n<div class=\"wp-block-buttons is-content-justification-center is-layout-flex wp-container-core-buttons-is-layout-a89b3969 wp-block-buttons-is-layout-flex\">\n<div class=\"wp-block-button\"><a class=\"wp-block-button__link has-fushia-background-color has-text-color has-background wp-element-button\" href=\"https:\/\/nelidesign.com\/fr\/identifier-verres-invites-avec-classe\/\" style=\"border-radius:4px;color:#ffffff\"><strong>Voir le projet<\/strong><\/a><\/div>\n<\/div>\n<\/div><\/div>\n<\/div><\/div>\n\n\n\n<hr class=\"wp-block-separator has-text-color has-fushia-color has-alpha-channel-opacity has-fushia-background-color has-background is-style-wide\"\/>\n\n\n\n<h2 class=\"wp-block-heading\">Vous en voulez encore plus? <\/h2>\n\n\n\n<p>Voyez les 12 bricos de No\u00ebl de l'an dernier!<\/p>\n\n\n<section class=\"gb-block-post-grid featuredpost aligncenter\"><div class=\"gb-post-grid-items is-grid columns-2\"><article id=\"post-12310\" class=\"gb-post-grid-item post-12310 post type-post status-publish format-standard has-post-thumbnail category-12-bricos-de-noel-2021 category-autres category-cricut-maker-fr category-deco category-derniers-articles category-noel entry\"><div class=\"gb-block-post-grid-image\"><a href=\"https:\/\/nelidesign.com\/fr\/diy-ornements-de-noel-en-balsa\/\" rel=\"bookmark\" aria-hidden=\"true\" tabindex=\"-1\"><img decoding=\"async\" width=\"1200\" height=\"900\" src=\"https:\/\/nelidesign.com\/wp-content\/uploads\/2019\/12\/Feature_12-bricos-de-Noel-1.jpg\" class=\"attachment-full size-full\" alt=\"\" srcset=\"https:\/\/nelidesign.com\/wp-content\/uploads\/2019\/12\/Feature_12-bricos-de-Noel-1.jpg 1200w, https:\/\/nelidesign.com\/wp-content\/uploads\/2019\/12\/Feature_12-bricos-de-Noel-1-720x540.jpg 720w, https:\/\/nelidesign.com\/wp-content\/uploads\/2019\/12\/Feature_12-bricos-de-Noel-1-360x270.jpg 360w, https:\/\/nelidesign.com\/wp-content\/uploads\/2019\/12\/Feature_12-bricos-de-Noel-1-180x135.jpg 180w, https:\/\/nelidesign.com\/wp-content\/uploads\/2019\/12\/Feature_12-bricos-de-Noel-1-768x576.jpg 768w, https:\/\/nelidesign.com\/wp-content\/uploads\/2019\/12\/Feature_12-bricos-de-Noel-1-480x360.jpg 480w, https:\/\/nelidesign.com\/wp-content\/uploads\/2019\/12\/Feature_12-bricos-de-Noel-1-320x240.jpg 320w, https:\/\/nelidesign.com\/wp-content\/uploads\/2019\/12\/Feature_12-bricos-de-Noel-1-735x551.jpg 735w\" sizes=\"(max-width: 1200px) 100vw, 1200px\" \/><\/a><\/div><div class=\"gb-block-post-grid-text\"><header class=\"gb-block-post-grid-header\"><h2 class=\"gb-block-post-grid-title\"><a href=\"https:\/\/nelidesign.com\/fr\/diy-ornements-de-noel-en-balsa\/\" rel=\"bookmark\">DIY ornements de No\u00ebl en balsa<\/a><\/h2><div class=\"gb-block-post-grid-byline\"><\/div><\/header><div class=\"gb-block-post-grid-excerpt\"><p>C'est la premi\u00e8re journ\u00e9e du D\u00e9fi des 12 bricos de No\u00ebl et je vous explique aujourd'hui comment r\u00e9aliser ces ornements de No\u00ebl en balsa dans Cricut Design\u2026<\/p>\n<p><a class=\"gb-block-post-grid-more-link gb-text-link\" href=\"https:\/\/nelidesign.com\/fr\/diy-ornements-de-noel-en-balsa\/\" rel=\"bookmark\">Continuez la lecture <span class=\"screen-reader-text\">DIY ornements de No\u00ebl en balsa<\/span><\/a><\/p><\/div><\/div><\/article>\n<article id=\"post-12330\" class=\"gb-post-grid-item post-12330 post type-post status-publish format-standard has-post-thumbnail category-12-bricos-de-noel-2021 category-cricut-explore-fr category-cricut-maker-fr category-cricut-venture category-deco category-derniers-articles category-fichiers-svg category-papiers-et-cartons entry\"><div class=\"gb-block-post-grid-image\"><a href=\"https:\/\/nelidesign.com\/fr\/comment-faire-des-maisons-en-carton-pour-decorer-votre-sapin\/\" rel=\"bookmark\" aria-hidden=\"true\" tabindex=\"-1\"><img decoding=\"async\" width=\"1200\" height=\"900\" src=\"https:\/\/nelidesign.com\/wp-content\/uploads\/2019\/12\/Feature_12-bricos-de-Noel-2.jpg\" class=\"attachment-full size-full\" alt=\"\" srcset=\"https:\/\/nelidesign.com\/wp-content\/uploads\/2019\/12\/Feature_12-bricos-de-Noel-2.jpg 1200w, https:\/\/nelidesign.com\/wp-content\/uploads\/2019\/12\/Feature_12-bricos-de-Noel-2-720x540.jpg 720w, https:\/\/nelidesign.com\/wp-content\/uploads\/2019\/12\/Feature_12-bricos-de-Noel-2-360x270.jpg 360w, https:\/\/nelidesign.com\/wp-content\/uploads\/2019\/12\/Feature_12-bricos-de-Noel-2-180x135.jpg 180w, https:\/\/nelidesign.com\/wp-content\/uploads\/2019\/12\/Feature_12-bricos-de-Noel-2-768x576.jpg 768w, https:\/\/nelidesign.com\/wp-content\/uploads\/2019\/12\/Feature_12-bricos-de-Noel-2-480x360.jpg 480w, https:\/\/nelidesign.com\/wp-content\/uploads\/2019\/12\/Feature_12-bricos-de-Noel-2-320x240.jpg 320w, https:\/\/nelidesign.com\/wp-content\/uploads\/2019\/12\/Feature_12-bricos-de-Noel-2-735x551.jpg 735w\" sizes=\"(max-width: 1200px) 100vw, 1200px\" \/><\/a><\/div><div class=\"gb-block-post-grid-text\"><header class=\"gb-block-post-grid-header\"><h2 class=\"gb-block-post-grid-title\"><a href=\"https:\/\/nelidesign.com\/fr\/comment-faire-des-maisons-en-carton-pour-decorer-votre-sapin\/\" rel=\"bookmark\">Comment faire des maisons en carton pour d\u00e9corer votre sapin<\/a><\/h2><div class=\"gb-block-post-grid-byline\"><\/div><\/header><div class=\"gb-block-post-grid-excerpt\"><p>C'est la deuxi\u00e8me journ\u00e9e du D\u00e9fi des 12 bricos de No\u00ebl et aujourd'hui je vais vous montrer comment r\u00e9aliser ces ornements de maisons en carton inspir\u00e9s d'IKEA.\u2026<\/p>\n<p><a class=\"gb-block-post-grid-more-link gb-text-link\" href=\"https:\/\/nelidesign.com\/fr\/comment-faire-des-maisons-en-carton-pour-decorer-votre-sapin\/\" rel=\"bookmark\">Continuez la lecture <span class=\"screen-reader-text\">Comment faire des maisons en carton pour d\u00e9corer votre sapin<\/span><\/a><\/p><\/div><\/div><\/article>\n<article id=\"post-12390\" class=\"gb-post-grid-item post-12390 post type-post status-publish format-standard has-post-thumbnail category-12-bricos-de-noel-2021 category-bricolage category-cricut-maker-fr category-derniers-articles category-fichiers-svg category-noel category-papiers-et-cartons entry\"><div class=\"gb-block-post-grid-image\"><a href=\"https:\/\/nelidesign.com\/fr\/carte-de-noel-speciale-avec-photo-a-faire-avec-votre-cricut-maker\/\" rel=\"bookmark\" aria-hidden=\"true\" tabindex=\"-1\"><img decoding=\"async\" width=\"1200\" height=\"900\" src=\"https:\/\/nelidesign.com\/wp-content\/uploads\/2019\/12\/Feature_12-bricos-de-Noel-3.jpg\" class=\"attachment-full size-full\" alt=\"\" srcset=\"https:\/\/nelidesign.com\/wp-content\/uploads\/2019\/12\/Feature_12-bricos-de-Noel-3.jpg 1200w, https:\/\/nelidesign.com\/wp-content\/uploads\/2019\/12\/Feature_12-bricos-de-Noel-3-720x540.jpg 720w, https:\/\/nelidesign.com\/wp-content\/uploads\/2019\/12\/Feature_12-bricos-de-Noel-3-360x270.jpg 360w, https:\/\/nelidesign.com\/wp-content\/uploads\/2019\/12\/Feature_12-bricos-de-Noel-3-180x135.jpg 180w, https:\/\/nelidesign.com\/wp-content\/uploads\/2019\/12\/Feature_12-bricos-de-Noel-3-768x576.jpg 768w, https:\/\/nelidesign.com\/wp-content\/uploads\/2019\/12\/Feature_12-bricos-de-Noel-3-480x360.jpg 480w, https:\/\/nelidesign.com\/wp-content\/uploads\/2019\/12\/Feature_12-bricos-de-Noel-3-320x240.jpg 320w, https:\/\/nelidesign.com\/wp-content\/uploads\/2019\/12\/Feature_12-bricos-de-Noel-3-735x551.jpg 735w\" sizes=\"(max-width: 1200px) 100vw, 1200px\" \/><\/a><\/div><div class=\"gb-block-post-grid-text\"><header class=\"gb-block-post-grid-header\"><h2 class=\"gb-block-post-grid-title\"><a href=\"https:\/\/nelidesign.com\/fr\/carte-de-noel-speciale-avec-photo-a-faire-avec-votre-cricut-maker\/\" rel=\"bookmark\">Carte de No\u00ebl sp\u00e9ciale avec photo, \u00e0 faire avec votre Cricut Maker.<\/a><\/h2><div class=\"gb-block-post-grid-byline\"><\/div><\/header><div class=\"gb-block-post-grid-excerpt\"><p>C'est la troisi\u00e8me journ\u00e9e du D\u00e9fi des 12 bricos de No\u00ebl et aujourd'hui je fais une carte de No\u00ebl tr\u00e8s sp\u00e9ciale grace aux lames ondul\u00e9e et de\u2026<\/p>\n<p><a class=\"gb-block-post-grid-more-link gb-text-link\" href=\"https:\/\/nelidesign.com\/fr\/carte-de-noel-speciale-avec-photo-a-faire-avec-votre-cricut-maker\/\" rel=\"bookmark\">Continuez la lecture <span class=\"screen-reader-text\">Carte de No\u00ebl sp\u00e9ciale avec photo, \u00e0 faire avec votre Cricut Maker.<\/span><\/a><\/p><\/div><\/div><\/article>\n<article id=\"post-12469\" class=\"gb-post-grid-item post-12469 post type-post status-publish format-standard has-post-thumbnail category-12-bricos-de-noel-2021 category-autres category-bricolage category-cricut-explore-fr category-cricut-joy-fr category-cricut-maker-fr category-cricut-venture category-derniers-articles category-fichiers-svg category-noel category-presses category-vinyle-thermocollant entry\"><div class=\"gb-block-post-grid-image\"><a href=\"https:\/\/nelidesign.com\/fr\/comment-faire-des-boucles-doreilles-festives-en-simili-cuir\/\" rel=\"bookmark\" aria-hidden=\"true\" tabindex=\"-1\"><img decoding=\"async\" width=\"1200\" height=\"900\" src=\"https:\/\/nelidesign.com\/wp-content\/uploads\/2019\/12\/Feature_boucles-doreilles-1.jpg\" class=\"attachment-full size-full\" alt=\"boucle d&#039;oreilles en simili cuir et vinyle bleu accroch\u00e9es sur une tasse avec un sapin et une chandelle en \u00e9toile\" srcset=\"https:\/\/nelidesign.com\/wp-content\/uploads\/2019\/12\/Feature_boucles-doreilles-1.jpg 1200w, https:\/\/nelidesign.com\/wp-content\/uploads\/2019\/12\/Feature_boucles-doreilles-1-720x540.jpg 720w, https:\/\/nelidesign.com\/wp-content\/uploads\/2019\/12\/Feature_boucles-doreilles-1-360x270.jpg 360w, https:\/\/nelidesign.com\/wp-content\/uploads\/2019\/12\/Feature_boucles-doreilles-1-180x135.jpg 180w, https:\/\/nelidesign.com\/wp-content\/uploads\/2019\/12\/Feature_boucles-doreilles-1-768x576.jpg 768w, https:\/\/nelidesign.com\/wp-content\/uploads\/2019\/12\/Feature_boucles-doreilles-1-480x360.jpg 480w, https:\/\/nelidesign.com\/wp-content\/uploads\/2019\/12\/Feature_boucles-doreilles-1-320x240.jpg 320w, https:\/\/nelidesign.com\/wp-content\/uploads\/2019\/12\/Feature_boucles-doreilles-1-735x551.jpg 735w, https:\/\/nelidesign.com\/wp-content\/uploads\/2019\/12\/Feature_boucles-doreilles-1-250x188.jpg 250w, https:\/\/nelidesign.com\/wp-content\/uploads\/2019\/12\/Feature_boucles-doreilles-1-550x413.jpg 550w, https:\/\/nelidesign.com\/wp-content\/uploads\/2019\/12\/Feature_boucles-doreilles-1-800x600.jpg 800w, https:\/\/nelidesign.com\/wp-content\/uploads\/2019\/12\/Feature_boucles-doreilles-1-240x180.jpg 240w, https:\/\/nelidesign.com\/wp-content\/uploads\/2019\/12\/Feature_boucles-doreilles-1-400x300.jpg 400w, https:\/\/nelidesign.com\/wp-content\/uploads\/2019\/12\/Feature_boucles-doreilles-1-667x500.jpg 667w\" sizes=\"(max-width: 1200px) 100vw, 1200px\" \/><\/a><\/div><div class=\"gb-block-post-grid-text\"><header class=\"gb-block-post-grid-header\"><h2 class=\"gb-block-post-grid-title\"><a href=\"https:\/\/nelidesign.com\/fr\/comment-faire-des-boucles-doreilles-festives-en-simili-cuir\/\" rel=\"bookmark\">Comment faire des boucles d&#039;oreilles festives en simili cuir<\/a><\/h2><div class=\"gb-block-post-grid-byline\"><\/div><\/header><div class=\"gb-block-post-grid-excerpt\"><p>Pour la 4e journ\u00e9e du D\u00e9fi des 12 bricos de No\u00ebl, je vous montre comment r\u00e9aliser des boucles d'oreilles festives en un tournemain. Du 1er au 12\u2026<\/p>\n<p><a class=\"gb-block-post-grid-more-link gb-text-link\" href=\"https:\/\/nelidesign.com\/fr\/comment-faire-des-boucles-doreilles-festives-en-simili-cuir\/\" rel=\"bookmark\">Continuez la lecture <span class=\"screen-reader-text\">Comment faire des boucles d&#039;oreilles festives en simili cuir<\/span><\/a><\/p><\/div><\/div><\/article>\n<article id=\"post-12524\" class=\"gb-post-grid-item post-12524 post type-post status-publish format-standard has-post-thumbnail category-12-bricos-de-noel-2021 category-autres category-cricut-maker-fr category-deco category-derniers-articles category-fichiers-svg category-noel entry\"><div class=\"gb-block-post-grid-image\"><a href=\"https:\/\/nelidesign.com\/fr\/comment-faire-un-traineau-en-balsa-pour-votre-sapin\/\" rel=\"bookmark\" aria-hidden=\"true\" tabindex=\"-1\"><img decoding=\"async\" width=\"1200\" height=\"900\" src=\"https:\/\/nelidesign.com\/wp-content\/uploads\/2019\/12\/Feature_12-bricos-de-Noel-5.jpg\" class=\"attachment-full size-full\" alt=\"\" srcset=\"https:\/\/nelidesign.com\/wp-content\/uploads\/2019\/12\/Feature_12-bricos-de-Noel-5.jpg 1200w, https:\/\/nelidesign.com\/wp-content\/uploads\/2019\/12\/Feature_12-bricos-de-Noel-5-720x540.jpg 720w, https:\/\/nelidesign.com\/wp-content\/uploads\/2019\/12\/Feature_12-bricos-de-Noel-5-360x270.jpg 360w, https:\/\/nelidesign.com\/wp-content\/uploads\/2019\/12\/Feature_12-bricos-de-Noel-5-180x135.jpg 180w, https:\/\/nelidesign.com\/wp-content\/uploads\/2019\/12\/Feature_12-bricos-de-Noel-5-768x576.jpg 768w, https:\/\/nelidesign.com\/wp-content\/uploads\/2019\/12\/Feature_12-bricos-de-Noel-5-480x360.jpg 480w, https:\/\/nelidesign.com\/wp-content\/uploads\/2019\/12\/Feature_12-bricos-de-Noel-5-320x240.jpg 320w, https:\/\/nelidesign.com\/wp-content\/uploads\/2019\/12\/Feature_12-bricos-de-Noel-5-735x551.jpg 735w\" sizes=\"(max-width: 1200px) 100vw, 1200px\" \/><\/a><\/div><div class=\"gb-block-post-grid-text\"><header class=\"gb-block-post-grid-header\"><h2 class=\"gb-block-post-grid-title\"><a href=\"https:\/\/nelidesign.com\/fr\/comment-faire-un-traineau-en-balsa-pour-votre-sapin\/\" rel=\"bookmark\">Comment faire un tra\u00eeneau en balsa pour votre sapin<\/a><\/h2><div class=\"gb-block-post-grid-byline\"><\/div><\/header><div class=\"gb-block-post-grid-excerpt\"><p>C'est la 5e journ\u00e9e du D\u00e9fi des 12 bricos de No\u00ebl et aujourd'hui, je vous montre comment faire un autre ornement en balsa pour votre sapin. Cette\u2026<\/p>\n<p><a class=\"gb-block-post-grid-more-link gb-text-link\" href=\"https:\/\/nelidesign.com\/fr\/comment-faire-un-traineau-en-balsa-pour-votre-sapin\/\" rel=\"bookmark\">Continuez la lecture <span class=\"screen-reader-text\">Comment faire un tra\u00eeneau en balsa pour votre sapin<\/span><\/a><\/p><\/div><\/div><\/article>\n<article id=\"post-12566\" class=\"gb-post-grid-item post-12566 post type-post status-publish format-standard has-post-thumbnail category-12-bricos-de-noel-2021 category-cricut-explore-fr category-cricut-joy-fr category-cricut-maker-fr category-cricut-venture category-deco category-derniers-articles category-fichiers-svg category-noel category-vinyle-adhesif entry\"><div class=\"gb-block-post-grid-image\"><a href=\"https:\/\/nelidesign.com\/fr\/personnaliser-une-chandelle-avec-du-vinyle\/\" rel=\"bookmark\" aria-hidden=\"true\" tabindex=\"-1\"><img decoding=\"async\" width=\"1200\" height=\"1200\" src=\"https:\/\/nelidesign.com\/wp-content\/uploads\/2019\/12\/Feature_personnaliser-une-chandelle-1.jpg\" class=\"attachment-full size-full\" alt=\"\" srcset=\"https:\/\/nelidesign.com\/wp-content\/uploads\/2019\/12\/Feature_personnaliser-une-chandelle-1.jpg 1200w, https:\/\/nelidesign.com\/wp-content\/uploads\/2019\/12\/Feature_personnaliser-une-chandelle-1-720x720.jpg 720w, https:\/\/nelidesign.com\/wp-content\/uploads\/2019\/12\/Feature_personnaliser-une-chandelle-1-360x360.jpg 360w, https:\/\/nelidesign.com\/wp-content\/uploads\/2019\/12\/Feature_personnaliser-une-chandelle-1-180x180.jpg 180w, https:\/\/nelidesign.com\/wp-content\/uploads\/2019\/12\/Feature_personnaliser-une-chandelle-1-100x100.jpg 100w, https:\/\/nelidesign.com\/wp-content\/uploads\/2019\/12\/Feature_personnaliser-une-chandelle-1-768x768.jpg 768w, https:\/\/nelidesign.com\/wp-content\/uploads\/2019\/12\/Feature_personnaliser-une-chandelle-1-600x600.jpg 600w, https:\/\/nelidesign.com\/wp-content\/uploads\/2019\/12\/Feature_personnaliser-une-chandelle-1-480x480.jpg 480w, https:\/\/nelidesign.com\/wp-content\/uploads\/2019\/12\/Feature_personnaliser-une-chandelle-1-320x320.jpg 320w, https:\/\/nelidesign.com\/wp-content\/uploads\/2019\/12\/Feature_personnaliser-une-chandelle-1-200x200.jpg 200w, https:\/\/nelidesign.com\/wp-content\/uploads\/2019\/12\/Feature_personnaliser-une-chandelle-1-735x735.jpg 735w, https:\/\/nelidesign.com\/wp-content\/uploads\/2019\/12\/Feature_personnaliser-une-chandelle-1-48x48.jpg 48w, https:\/\/nelidesign.com\/wp-content\/uploads\/2019\/12\/Feature_personnaliser-une-chandelle-1-300x300.jpg 300w, https:\/\/nelidesign.com\/wp-content\/uploads\/2019\/12\/Feature_personnaliser-une-chandelle-1-250x250.jpg 250w, https:\/\/nelidesign.com\/wp-content\/uploads\/2019\/12\/Feature_personnaliser-une-chandelle-1-550x550.jpg 550w, https:\/\/nelidesign.com\/wp-content\/uploads\/2019\/12\/Feature_personnaliser-une-chandelle-1-800x800.jpg 800w, https:\/\/nelidesign.com\/wp-content\/uploads\/2019\/12\/Feature_personnaliser-une-chandelle-1-500x500.jpg 500w\" sizes=\"(max-width: 1200px) 100vw, 1200px\" \/><\/a><\/div><div class=\"gb-block-post-grid-text\"><header class=\"gb-block-post-grid-header\"><h2 class=\"gb-block-post-grid-title\"><a href=\"https:\/\/nelidesign.com\/fr\/personnaliser-une-chandelle-avec-du-vinyle\/\" rel=\"bookmark\">Personnaliser une chandelle avec du vinyle<\/a><\/h2><div class=\"gb-block-post-grid-byline\"><\/div><\/header><div class=\"gb-block-post-grid-excerpt\"><p>Nous sommes d\u00e9j\u00e0 \u00e0 la mi-chemin du D\u00e9fi des 12 bricos de No\u00ebl. Aujourd'hui, je vais vous montrer comment personnaliser une chandelle \u00e0 l'aide de votre Cricut,\u2026<\/p>\n<p><a class=\"gb-block-post-grid-more-link gb-text-link\" href=\"https:\/\/nelidesign.com\/fr\/personnaliser-une-chandelle-avec-du-vinyle\/\" rel=\"bookmark\">Continuez la lecture <span class=\"screen-reader-text\">Personnaliser une chandelle avec du vinyle<\/span><\/a><\/p><\/div><\/div><\/article>\n<article id=\"post-12612\" class=\"gb-post-grid-item post-12612 post type-post status-publish format-standard has-post-thumbnail category-12-bricos-de-noel-2021 category-bricolage category-cricut-maker-fr category-derniers-articles category-fichiers-svg category-noel category-papiers-et-cartons entry\"><div class=\"gb-block-post-grid-image\"><a href=\"https:\/\/nelidesign.com\/fr\/etiquette-pour-echange-de-cadeaux-de-noel-secret\/\" rel=\"bookmark\" aria-hidden=\"true\" tabindex=\"-1\"><img decoding=\"async\" width=\"1200\" height=\"1200\" src=\"https:\/\/nelidesign.com\/wp-content\/uploads\/2019\/12\/Feature_gift-tag-1.jpg\" class=\"attachment-full size-full\" alt=\"image d&#039;une \u00c9tiquette pour \u00e9change de cadeaux de No\u00ebl\" srcset=\"https:\/\/nelidesign.com\/wp-content\/uploads\/2019\/12\/Feature_gift-tag-1.jpg 1200w, https:\/\/nelidesign.com\/wp-content\/uploads\/2019\/12\/Feature_gift-tag-1-720x720.jpg 720w, https:\/\/nelidesign.com\/wp-content\/uploads\/2019\/12\/Feature_gift-tag-1-360x360.jpg 360w, https:\/\/nelidesign.com\/wp-content\/uploads\/2019\/12\/Feature_gift-tag-1-180x180.jpg 180w, https:\/\/nelidesign.com\/wp-content\/uploads\/2019\/12\/Feature_gift-tag-1-100x100.jpg 100w, https:\/\/nelidesign.com\/wp-content\/uploads\/2019\/12\/Feature_gift-tag-1-768x768.jpg 768w, https:\/\/nelidesign.com\/wp-content\/uploads\/2019\/12\/Feature_gift-tag-1-600x600.jpg 600w, https:\/\/nelidesign.com\/wp-content\/uploads\/2019\/12\/Feature_gift-tag-1-480x480.jpg 480w, https:\/\/nelidesign.com\/wp-content\/uploads\/2019\/12\/Feature_gift-tag-1-320x320.jpg 320w, https:\/\/nelidesign.com\/wp-content\/uploads\/2019\/12\/Feature_gift-tag-1-200x200.jpg 200w, https:\/\/nelidesign.com\/wp-content\/uploads\/2019\/12\/Feature_gift-tag-1-735x735.jpg 735w, https:\/\/nelidesign.com\/wp-content\/uploads\/2019\/12\/Feature_gift-tag-1-48x48.jpg 48w, https:\/\/nelidesign.com\/wp-content\/uploads\/2019\/12\/Feature_gift-tag-1-300x300.jpg 300w, https:\/\/nelidesign.com\/wp-content\/uploads\/2019\/12\/Feature_gift-tag-1-250x250.jpg 250w, https:\/\/nelidesign.com\/wp-content\/uploads\/2019\/12\/Feature_gift-tag-1-550x550.jpg 550w, https:\/\/nelidesign.com\/wp-content\/uploads\/2019\/12\/Feature_gift-tag-1-800x800.jpg 800w, https:\/\/nelidesign.com\/wp-content\/uploads\/2019\/12\/Feature_gift-tag-1-500x500.jpg 500w\" sizes=\"(max-width: 1200px) 100vw, 1200px\" \/><\/a><\/div><div class=\"gb-block-post-grid-text\"><header class=\"gb-block-post-grid-header\"><h2 class=\"gb-block-post-grid-title\"><a href=\"https:\/\/nelidesign.com\/fr\/etiquette-pour-echange-de-cadeaux-de-noel-secret\/\" rel=\"bookmark\">\u00c9tiquette pour \u00e9change de cadeaux de No\u00ebl secret<\/a><\/h2><div class=\"gb-block-post-grid-byline\"><\/div><\/header><div class=\"gb-block-post-grid-excerpt\"><p>Je vais vous montrer comment r\u00e9aliser une \u00e9tiquette qui vous aidera \u00e0 garder secret le nom de la personne que vous avez pig\u00e9 pour l'\u00e9change de cadeaux\u2026<\/p>\n<p><a class=\"gb-block-post-grid-more-link gb-text-link\" href=\"https:\/\/nelidesign.com\/fr\/etiquette-pour-echange-de-cadeaux-de-noel-secret\/\" rel=\"bookmark\">Continuez la lecture <span class=\"screen-reader-text\">\u00c9tiquette pour \u00e9change de cadeaux de No\u00ebl secret<\/span><\/a><\/p><\/div><\/div><\/article>\n<article id=\"post-12658\" class=\"gb-post-grid-item post-12658 post type-post status-publish format-standard has-post-thumbnail category-12-bricos-de-noel-2021 category-cricut-joy-fr category-cricut-maker-fr category-cricut-venture category-deco category-derniers-articles category-fichiers-svg category-noel category-presses entry\"><div class=\"gb-block-post-grid-image\"><a href=\"https:\/\/nelidesign.com\/fr\/recycler-des-couvercles-de-pots-mason-pour-faire-une-deco-de-noel\/\" rel=\"bookmark\" aria-hidden=\"true\" tabindex=\"-1\"><img decoding=\"async\" width=\"1200\" height=\"1200\" src=\"https:\/\/nelidesign.com\/wp-content\/uploads\/2019\/12\/Feature_deco_Noel_pots_mason-1.jpg\" class=\"attachment-full size-full\" alt=\"\" srcset=\"https:\/\/nelidesign.com\/wp-content\/uploads\/2019\/12\/Feature_deco_Noel_pots_mason-1.jpg 1200w, https:\/\/nelidesign.com\/wp-content\/uploads\/2019\/12\/Feature_deco_Noel_pots_mason-1-720x720.jpg 720w, https:\/\/nelidesign.com\/wp-content\/uploads\/2019\/12\/Feature_deco_Noel_pots_mason-1-360x360.jpg 360w, https:\/\/nelidesign.com\/wp-content\/uploads\/2019\/12\/Feature_deco_Noel_pots_mason-1-180x180.jpg 180w, https:\/\/nelidesign.com\/wp-content\/uploads\/2019\/12\/Feature_deco_Noel_pots_mason-1-100x100.jpg 100w, https:\/\/nelidesign.com\/wp-content\/uploads\/2019\/12\/Feature_deco_Noel_pots_mason-1-768x768.jpg 768w, https:\/\/nelidesign.com\/wp-content\/uploads\/2019\/12\/Feature_deco_Noel_pots_mason-1-600x600.jpg 600w, https:\/\/nelidesign.com\/wp-content\/uploads\/2019\/12\/Feature_deco_Noel_pots_mason-1-480x480.jpg 480w, https:\/\/nelidesign.com\/wp-content\/uploads\/2019\/12\/Feature_deco_Noel_pots_mason-1-320x320.jpg 320w, https:\/\/nelidesign.com\/wp-content\/uploads\/2019\/12\/Feature_deco_Noel_pots_mason-1-200x200.jpg 200w, https:\/\/nelidesign.com\/wp-content\/uploads\/2019\/12\/Feature_deco_Noel_pots_mason-1-735x735.jpg 735w, https:\/\/nelidesign.com\/wp-content\/uploads\/2019\/12\/Feature_deco_Noel_pots_mason-1-48x48.jpg 48w, https:\/\/nelidesign.com\/wp-content\/uploads\/2019\/12\/Feature_deco_Noel_pots_mason-1-300x300.jpg 300w, https:\/\/nelidesign.com\/wp-content\/uploads\/2019\/12\/Feature_deco_Noel_pots_mason-1-250x250.jpg 250w, https:\/\/nelidesign.com\/wp-content\/uploads\/2019\/12\/Feature_deco_Noel_pots_mason-1-550x550.jpg 550w, https:\/\/nelidesign.com\/wp-content\/uploads\/2019\/12\/Feature_deco_Noel_pots_mason-1-800x800.jpg 800w, https:\/\/nelidesign.com\/wp-content\/uploads\/2019\/12\/Feature_deco_Noel_pots_mason-1-500x500.jpg 500w\" sizes=\"(max-width: 1200px) 100vw, 1200px\" \/><\/a><\/div><div class=\"gb-block-post-grid-text\"><header class=\"gb-block-post-grid-header\"><h2 class=\"gb-block-post-grid-title\"><a href=\"https:\/\/nelidesign.com\/fr\/recycler-des-couvercles-de-pots-mason-pour-faire-une-deco-de-noel\/\" rel=\"bookmark\">Recycler des couvercles de pots Mason pour faire une d\u00e9co de No\u00ebl<\/a><\/h2><div class=\"gb-block-post-grid-byline\"><\/div><\/header><div class=\"gb-block-post-grid-excerpt\"><p>Aujourd'hui, 8e projet du D\u00e9fi des 12 bricos de No\u00ebl. Je vais vous montrer comment r\u00e9aliser une d\u00e9co de No\u00ebl rustique en utilisant des couvercles de pots\u2026<\/p>\n<p><a class=\"gb-block-post-grid-more-link gb-text-link\" href=\"https:\/\/nelidesign.com\/fr\/recycler-des-couvercles-de-pots-mason-pour-faire-une-deco-de-noel\/\" rel=\"bookmark\">Continuez la lecture <span class=\"screen-reader-text\">Recycler des couvercles de pots Mason pour faire une d\u00e9co de No\u00ebl<\/span><\/a><\/p><\/div><\/div><\/article>\n<article id=\"post-12699\" class=\"gb-post-grid-item post-12699 post type-post status-publish format-standard has-post-thumbnail category-12-bricos-de-noel-2021 category-automne category-bricolage category-cricut-explore-fr category-cricut-joy-fr category-cricut-maker-fr category-cricut-venture category-derniers-articles category-ete category-fichiers-svg category-presses category-vinyle-thermocollant entry\"><div class=\"gb-block-post-grid-image\"><a href=\"https:\/\/nelidesign.com\/fr\/diy-cadeau-pour-professeur-avec-citation-en-francais\/\" rel=\"bookmark\" aria-hidden=\"true\" tabindex=\"-1\"><img decoding=\"async\" width=\"1200\" height=\"900\" src=\"https:\/\/nelidesign.com\/wp-content\/uploads\/2021\/12\/Feature_12-bricos-de-Noel-9.jpg\" class=\"attachment-full size-full\" alt=\"\" srcset=\"https:\/\/nelidesign.com\/wp-content\/uploads\/2021\/12\/Feature_12-bricos-de-Noel-9.jpg 1200w, https:\/\/nelidesign.com\/wp-content\/uploads\/2021\/12\/Feature_12-bricos-de-Noel-9-720x540.jpg 720w, https:\/\/nelidesign.com\/wp-content\/uploads\/2021\/12\/Feature_12-bricos-de-Noel-9-360x270.jpg 360w, https:\/\/nelidesign.com\/wp-content\/uploads\/2021\/12\/Feature_12-bricos-de-Noel-9-180x135.jpg 180w, https:\/\/nelidesign.com\/wp-content\/uploads\/2021\/12\/Feature_12-bricos-de-Noel-9-768x576.jpg 768w, https:\/\/nelidesign.com\/wp-content\/uploads\/2021\/12\/Feature_12-bricos-de-Noel-9-480x360.jpg 480w, https:\/\/nelidesign.com\/wp-content\/uploads\/2021\/12\/Feature_12-bricos-de-Noel-9-320x240.jpg 320w, https:\/\/nelidesign.com\/wp-content\/uploads\/2021\/12\/Feature_12-bricos-de-Noel-9-735x551.jpg 735w\" sizes=\"(max-width: 1200px) 100vw, 1200px\" \/><\/a><\/div><div class=\"gb-block-post-grid-text\"><header class=\"gb-block-post-grid-header\"><h2 class=\"gb-block-post-grid-title\"><a href=\"https:\/\/nelidesign.com\/fr\/diy-cadeau-pour-professeur-avec-citation-en-francais\/\" rel=\"bookmark\">DIY cadeau pour professeur avec citation en fran\u00e7ais<\/a><\/h2><div class=\"gb-block-post-grid-byline\"><\/div><\/header><div class=\"gb-block-post-grid-excerpt\"><p>On sprint vers la fin du D\u00e9fi des 12 bricos de No\u00ebl. Je vais vous montrer comment faire un cadeau pour professeur personnalis\u00e9 avec une citation en\u2026<\/p>\n<p><a class=\"gb-block-post-grid-more-link gb-text-link\" href=\"https:\/\/nelidesign.com\/fr\/diy-cadeau-pour-professeur-avec-citation-en-francais\/\" rel=\"bookmark\">Continuez la lecture <span class=\"screen-reader-text\">DIY cadeau pour professeur avec citation en fran\u00e7ais<\/span><\/a><\/p><\/div><\/div><\/article>\n<article id=\"post-12740\" class=\"gb-post-grid-item post-12740 post type-post status-publish format-standard has-post-thumbnail category-12-bricos-de-noel-2021 category-bricolage category-cricut-explore-fr category-cricut-maker-fr category-cricut-venture category-deco category-derniers-articles category-fichiers-svg category-noel category-papiers-et-cartons category-stylos-et-feutres entry\"><div class=\"gb-block-post-grid-image\"><a href=\"https:\/\/nelidesign.com\/fr\/comment-faire-un-centre-de-table-illumine-en-forme-de-sapins\/\" rel=\"bookmark\" aria-hidden=\"true\" tabindex=\"-1\"><img decoding=\"async\" width=\"1200\" height=\"900\" src=\"https:\/\/nelidesign.com\/wp-content\/uploads\/2019\/12\/Feature_12-bricos-de-Noel-10.jpg\" class=\"attachment-full size-full\" alt=\"\" srcset=\"https:\/\/nelidesign.com\/wp-content\/uploads\/2019\/12\/Feature_12-bricos-de-Noel-10.jpg 1200w, https:\/\/nelidesign.com\/wp-content\/uploads\/2019\/12\/Feature_12-bricos-de-Noel-10-720x540.jpg 720w, https:\/\/nelidesign.com\/wp-content\/uploads\/2019\/12\/Feature_12-bricos-de-Noel-10-360x270.jpg 360w, https:\/\/nelidesign.com\/wp-content\/uploads\/2019\/12\/Feature_12-bricos-de-Noel-10-180x135.jpg 180w, https:\/\/nelidesign.com\/wp-content\/uploads\/2019\/12\/Feature_12-bricos-de-Noel-10-768x576.jpg 768w, https:\/\/nelidesign.com\/wp-content\/uploads\/2019\/12\/Feature_12-bricos-de-Noel-10-480x360.jpg 480w, https:\/\/nelidesign.com\/wp-content\/uploads\/2019\/12\/Feature_12-bricos-de-Noel-10-320x240.jpg 320w, https:\/\/nelidesign.com\/wp-content\/uploads\/2019\/12\/Feature_12-bricos-de-Noel-10-735x551.jpg 735w\" sizes=\"(max-width: 1200px) 100vw, 1200px\" \/><\/a><\/div><div class=\"gb-block-post-grid-text\"><header class=\"gb-block-post-grid-header\"><h2 class=\"gb-block-post-grid-title\"><a href=\"https:\/\/nelidesign.com\/fr\/comment-faire-un-centre-de-table-illumine-en-forme-de-sapins\/\" rel=\"bookmark\">Comment faire un centre de table illumin\u00e9 en forme de sapins<\/a><\/h2><div class=\"gb-block-post-grid-byline\"><\/div><\/header><div class=\"gb-block-post-grid-excerpt\"><p>Pour la 10e journ\u00e9e des 12 bricos de No\u00ebl, je vous offre le fichier pour faire une d\u00e9co facile, rapide et \u00e9l\u00e9gante pour votre centre de table\u2026<\/p>\n<p><a class=\"gb-block-post-grid-more-link gb-text-link\" href=\"https:\/\/nelidesign.com\/fr\/comment-faire-un-centre-de-table-illumine-en-forme-de-sapins\/\" rel=\"bookmark\">Continuez la lecture <span class=\"screen-reader-text\">Comment faire un centre de table illumin\u00e9 en forme de sapins<\/span><\/a><\/p><\/div><\/div><\/article>\n<article id=\"post-12734\" class=\"gb-post-grid-item post-12734 post type-post status-publish format-standard has-post-thumbnail category-12-bricos-de-noel-2021 category-bricolage category-cricut-explore-fr category-cricut-maker-fr category-cricut-venture category-derniers-articles category-fichiers-svg category-infusible-ink category-presses entry\"><div class=\"gb-block-post-grid-image\"><a href=\"https:\/\/nelidesign.com\/fr\/mon-avis-sur-linfusible-ink-de-cricut\/\" rel=\"bookmark\" aria-hidden=\"true\" tabindex=\"-1\"><img decoding=\"async\" width=\"1200\" height=\"900\" src=\"https:\/\/nelidesign.com\/wp-content\/uploads\/2019\/12\/Feature_12-bricos-de-Noel-11.jpg\" class=\"attachment-full size-full\" alt=\"\" srcset=\"https:\/\/nelidesign.com\/wp-content\/uploads\/2019\/12\/Feature_12-bricos-de-Noel-11.jpg 1200w, https:\/\/nelidesign.com\/wp-content\/uploads\/2019\/12\/Feature_12-bricos-de-Noel-11-720x540.jpg 720w, https:\/\/nelidesign.com\/wp-content\/uploads\/2019\/12\/Feature_12-bricos-de-Noel-11-360x270.jpg 360w, https:\/\/nelidesign.com\/wp-content\/uploads\/2019\/12\/Feature_12-bricos-de-Noel-11-180x135.jpg 180w, https:\/\/nelidesign.com\/wp-content\/uploads\/2019\/12\/Feature_12-bricos-de-Noel-11-768x576.jpg 768w, https:\/\/nelidesign.com\/wp-content\/uploads\/2019\/12\/Feature_12-bricos-de-Noel-11-480x360.jpg 480w, https:\/\/nelidesign.com\/wp-content\/uploads\/2019\/12\/Feature_12-bricos-de-Noel-11-320x240.jpg 320w, https:\/\/nelidesign.com\/wp-content\/uploads\/2019\/12\/Feature_12-bricos-de-Noel-11-735x551.jpg 735w\" sizes=\"(max-width: 1200px) 100vw, 1200px\" \/><\/a><\/div><div class=\"gb-block-post-grid-text\"><header class=\"gb-block-post-grid-header\"><h2 class=\"gb-block-post-grid-title\"><a href=\"https:\/\/nelidesign.com\/fr\/mon-avis-sur-linfusible-ink-de-cricut\/\" rel=\"bookmark\">Mon avis sur l&#039;Infusible Ink de Cricut<\/a><\/h2><div class=\"gb-block-post-grid-byline\"><\/div><\/header><div class=\"gb-block-post-grid-excerpt\"><p>En plein d\u00e9fi des 12 bricos de No\u00ebl, j'ai test\u00e9 le Cricut Infusible Ink et vous donne mon avis sur ce produit. Les bons et les mauvais\u2026<\/p>\n<p><a class=\"gb-block-post-grid-more-link gb-text-link\" href=\"https:\/\/nelidesign.com\/fr\/mon-avis-sur-linfusible-ink-de-cricut\/\" rel=\"bookmark\">Continuez la lecture <span class=\"screen-reader-text\">Mon avis sur l&#039;Infusible Ink de Cricut<\/span><\/a><\/p><\/div><\/div><\/article>\n<article id=\"post-12816\" class=\"gb-post-grid-item post-12816 post type-post status-publish format-standard has-post-thumbnail category-12-bricos-de-noel-2021 category-bricolage category-cricut-explore-fr category-cricut-joy-fr category-cricut-maker-fr category-cricut-venture category-derniers-articles category-fichiers-svg category-nouvelle-annee category-vinyle-adhesif entry\"><div class=\"gb-block-post-grid-image\"><a href=\"https:\/\/nelidesign.com\/fr\/le-meilleur-truc-pour-superposer-du-vinyle-cricut\/\" rel=\"bookmark\" aria-hidden=\"true\" tabindex=\"-1\"><img decoding=\"async\" width=\"1200\" height=\"900\" src=\"https:\/\/nelidesign.com\/wp-content\/uploads\/2019\/12\/Feature_12-bricos-de-Noel-12.jpg\" class=\"attachment-full size-full\" alt=\"\" srcset=\"https:\/\/nelidesign.com\/wp-content\/uploads\/2019\/12\/Feature_12-bricos-de-Noel-12.jpg 1200w, https:\/\/nelidesign.com\/wp-content\/uploads\/2019\/12\/Feature_12-bricos-de-Noel-12-720x540.jpg 720w, https:\/\/nelidesign.com\/wp-content\/uploads\/2019\/12\/Feature_12-bricos-de-Noel-12-360x270.jpg 360w, https:\/\/nelidesign.com\/wp-content\/uploads\/2019\/12\/Feature_12-bricos-de-Noel-12-180x135.jpg 180w, https:\/\/nelidesign.com\/wp-content\/uploads\/2019\/12\/Feature_12-bricos-de-Noel-12-768x576.jpg 768w, https:\/\/nelidesign.com\/wp-content\/uploads\/2019\/12\/Feature_12-bricos-de-Noel-12-480x360.jpg 480w, https:\/\/nelidesign.com\/wp-content\/uploads\/2019\/12\/Feature_12-bricos-de-Noel-12-320x240.jpg 320w, https:\/\/nelidesign.com\/wp-content\/uploads\/2019\/12\/Feature_12-bricos-de-Noel-12-735x551.jpg 735w\" sizes=\"(max-width: 1200px) 100vw, 1200px\" \/><\/a><\/div><div class=\"gb-block-post-grid-text\"><header class=\"gb-block-post-grid-header\"><h2 class=\"gb-block-post-grid-title\"><a href=\"https:\/\/nelidesign.com\/fr\/le-meilleur-truc-pour-superposer-du-vinyle-cricut\/\" rel=\"bookmark\">Le meilleur truc pour superposer du vinyle Cricut<\/a><\/h2><div class=\"gb-block-post-grid-byline\"><\/div><\/header><div class=\"gb-block-post-grid-excerpt\"><p>C'est la derni\u00e8re journ\u00e9e des 12 bricos de No\u00ebl et je vous montre le meilleur truc pour superposer facilement plusieurs couleurs de vinyle. Du 1er d\u00e9cembre jusqu'\u00e0\u2026<\/p>\n<p><a class=\"gb-block-post-grid-more-link gb-text-link\" href=\"https:\/\/nelidesign.com\/fr\/le-meilleur-truc-pour-superposer-du-vinyle-cricut\/\" rel=\"bookmark\">Continuez la lecture <span class=\"screen-reader-text\">Le meilleur truc pour superposer du vinyle Cricut<\/span><\/a><\/p><\/div><\/div><\/article>\n<\/div><\/section>","protected":false},"excerpt":{"rendered":"<p>Cette ann\u00e9e encore, je vous pr\u00e9sente les 12 bricos de No\u00ebl: 12 jours de projets, du 1er au 12 d\u00e9cembre 2022. Pour les 12 premiers jours du mois de d\u00e9cembre, vous aurez droit \u00e0 12 projets vous permettant de cr\u00e9er et d'apprendre! Cette ann\u00e9e, j'ai d\u00e9cid\u00e9 d'y aller avec des projets simples et faciles \u00e0 [&hellip;]<\/p>\n","protected":false},"author":1,"featured_media":37955,"parent":0,"menu_order":0,"comment_status":"closed","ping_status":"closed","template":"","meta":{"_genesis_hide_title":false,"_genesis_hide_breadcrumbs":false,"_genesis_hide_singular_image":false,"_genesis_hide_footer_widgets":false,"_genesis_custom_body_class":"","_genesis_custom_post_class":"","_genesis_layout":"","footnotes":""},"class_list":{"0":"post-36357","1":"page","2":"type-page","3":"status-publish","4":"has-post-thumbnail","6":"entry"},"yoast_head":"<!-- This site is optimized with the Yoast SEO plugin v27.4 - https:\/\/yoast.com\/product\/yoast-seo-wordpress\/ -->\n<title>Les 12 Bricos de No\u00ebl - NeliDesign<\/title>\n<meta name=\"robots\" content=\"index, follow, max-snippet:-1, max-image-preview:large, max-video-preview:-1\" \/>\n<link rel=\"canonical\" href=\"https:\/\/nelidesign.com\/fr\/les-12-bricos-de-noel-2022\/\" \/>\n<meta property=\"og:locale\" content=\"fr_FR\" \/>\n<meta property=\"og:type\" content=\"article\" \/>\n<meta property=\"og:title\" content=\"Les 12 Bricos de No\u00ebl - NeliDesign\" \/>\n<meta property=\"og:description\" content=\"Cette ann\u00e9e encore, je vous pr\u00e9sente les 12 bricos de No\u00ebl: 12 jours de projets, du 1er au 12 d\u00e9cembre 2022. Pour les 12 premiers jours du mois de d\u00e9cembre, vous aurez droit \u00e0 12 projets vous permettant de cr\u00e9er et d&#039;apprendre! Cette ann\u00e9e, j&#039;ai d\u00e9cid\u00e9 d&#039;y aller avec des projets simples et faciles \u00e0 [&hellip;]\" \/>\n<meta property=\"og:url\" content=\"https:\/\/nelidesign.com\/fr\/les-12-bricos-de-noel-2022\/\" \/>\n<meta property=\"og:site_name\" content=\"NeliDesign\" \/>\n<meta property=\"article:publisher\" content=\"https:\/\/www.facebook.com\/Natalie.NeliDesign\/\" \/>\n<meta property=\"article:modified_time\" content=\"2023-11-07T16:39:22+00:00\" \/>\n<meta property=\"og:image\" content=\"https:\/\/nelidesign.com\/wp-content\/uploads\/2022\/11\/presente-par-NeliDesign.jpg\" \/>\n\t<meta property=\"og:image:width\" content=\"1200\" \/>\n\t<meta property=\"og:image:height\" content=\"900\" \/>\n\t<meta property=\"og:image:type\" content=\"image\/jpeg\" \/>\n<meta name=\"twitter:card\" content=\"summary_large_image\" \/>\n<meta name=\"twitter:site\" content=\"@nelidesign\" \/>\n<meta name=\"twitter:label1\" content=\"Dur\u00e9e de lecture estim\u00e9e\" \/>\n\t<meta name=\"twitter:data1\" content=\"5 minutes\" \/>\n<script type=\"application\/ld+json\" class=\"yoast-schema-graph\">{\"@context\":\"https:\\\/\\\/schema.org\",\"@graph\":[{\"@type\":\"WebPage\",\"@id\":\"https:\\\/\\\/nelidesign.com\\\/fr\\\/les-12-bricos-de-noel-2022\\\/\",\"url\":\"https:\\\/\\\/nelidesign.com\\\/fr\\\/les-12-bricos-de-noel-2022\\\/\",\"name\":\"Les 12 Bricos de No\u00ebl - NeliDesign\",\"isPartOf\":{\"@id\":\"https:\\\/\\\/nelidesign.com\\\/fr\\\/#website\"},\"primaryImageOfPage\":{\"@id\":\"https:\\\/\\\/nelidesign.com\\\/fr\\\/les-12-bricos-de-noel-2022\\\/#primaryimage\"},\"image\":{\"@id\":\"https:\\\/\\\/nelidesign.com\\\/fr\\\/les-12-bricos-de-noel-2022\\\/#primaryimage\"},\"thumbnailUrl\":\"https:\\\/\\\/nelidesign.com\\\/wp-content\\\/uploads\\\/2022\\\/11\\\/presente-par-NeliDesign.jpg\",\"datePublished\":\"2022-11-27T17:48:40+00:00\",\"dateModified\":\"2023-11-07T16:39:22+00:00\",\"breadcrumb\":{\"@id\":\"https:\\\/\\\/nelidesign.com\\\/fr\\\/les-12-bricos-de-noel-2022\\\/#breadcrumb\"},\"inLanguage\":\"fr-FR\",\"potentialAction\":[{\"@type\":\"ReadAction\",\"target\":[\"https:\\\/\\\/nelidesign.com\\\/fr\\\/les-12-bricos-de-noel-2022\\\/\"]}]},{\"@type\":\"ImageObject\",\"inLanguage\":\"fr-FR\",\"@id\":\"https:\\\/\\\/nelidesign.com\\\/fr\\\/les-12-bricos-de-noel-2022\\\/#primaryimage\",\"url\":\"https:\\\/\\\/nelidesign.com\\\/wp-content\\\/uploads\\\/2022\\\/11\\\/presente-par-NeliDesign.jpg\",\"contentUrl\":\"https:\\\/\\\/nelidesign.com\\\/wp-content\\\/uploads\\\/2022\\\/11\\\/presente-par-NeliDesign.jpg\",\"width\":1200,\"height\":900},{\"@type\":\"BreadcrumbList\",\"@id\":\"https:\\\/\\\/nelidesign.com\\\/fr\\\/les-12-bricos-de-noel-2022\\\/#breadcrumb\",\"itemListElement\":[{\"@type\":\"ListItem\",\"position\":1,\"name\":\"Home\",\"item\":\"https:\\\/\\\/nelidesign.com\\\/fr\\\/\"},{\"@type\":\"ListItem\",\"position\":2,\"name\":\"Les 12 Bricos de No\u00ebl\"}]},{\"@type\":\"WebSite\",\"@id\":\"https:\\\/\\\/nelidesign.com\\\/fr\\\/#website\",\"url\":\"https:\\\/\\\/nelidesign.com\\\/fr\\\/\",\"name\":\"NeliDesign\",\"description\":\"Projets cr\u00e9atifs pour une d\u00e9co qui vous plait\",\"publisher\":{\"@id\":\"https:\\\/\\\/nelidesign.com\\\/fr\\\/#\\\/schema\\\/person\\\/07194ebfb7711949a8cdd1a9da087cdd\"},\"potentialAction\":[{\"@type\":\"SearchAction\",\"target\":{\"@type\":\"EntryPoint\",\"urlTemplate\":\"https:\\\/\\\/nelidesign.com\\\/fr\\\/?s={search_term_string}\"},\"query-input\":{\"@type\":\"PropertyValueSpecification\",\"valueRequired\":true,\"valueName\":\"search_term_string\"}}],\"inLanguage\":\"fr-FR\"},{\"@type\":[\"Person\",\"Organization\"],\"@id\":\"https:\\\/\\\/nelidesign.com\\\/fr\\\/#\\\/schema\\\/person\\\/07194ebfb7711949a8cdd1a9da087cdd\",\"name\":\"Natalie\",\"image\":{\"@type\":\"ImageObject\",\"inLanguage\":\"fr-FR\",\"@id\":\"https:\\\/\\\/nelidesign.com\\\/wp-content\\\/uploads\\\/2021\\\/10\\\/Natalie2021-1.jpg\",\"url\":\"https:\\\/\\\/nelidesign.com\\\/wp-content\\\/uploads\\\/2021\\\/10\\\/Natalie2021-1.jpg\",\"contentUrl\":\"https:\\\/\\\/nelidesign.com\\\/wp-content\\\/uploads\\\/2021\\\/10\\\/Natalie2021-1.jpg\",\"width\":350,\"height\":500,\"caption\":\"Natalie\"},\"logo\":{\"@id\":\"https:\\\/\\\/nelidesign.com\\\/wp-content\\\/uploads\\\/2021\\\/10\\\/Natalie2021-1.jpg\"},\"sameAs\":[\"https:\\\/\\\/nelidesign.com\\\/about-me2\\\/\",\"https:\\\/\\\/www.facebook.com\\\/Natalie.NeliDesign\\\/\",\"https:\\\/\\\/www.instagram.com\\\/Natalie.NeliDesign\\\/\",\"https:\\\/\\\/www.pinterest.com\\\/nelidesign\\\/\",\"https:\\\/\\\/www.youtube.com\\\/nelidesign\"]}]}<\/script>\n<!-- \/ Yoast SEO plugin. -->","yoast_head_json":{"title":"Les 12 Bricos de No\u00ebl - NeliDesign","robots":{"index":"index","follow":"follow","max-snippet":"max-snippet:-1","max-image-preview":"max-image-preview:large","max-video-preview":"max-video-preview:-1"},"canonical":"https:\/\/nelidesign.com\/fr\/les-12-bricos-de-noel-2022\/","og_locale":"fr_FR","og_type":"article","og_title":"Les 12 Bricos de No\u00ebl - NeliDesign","og_description":"Cette ann\u00e9e encore, je vous pr\u00e9sente les 12 bricos de No\u00ebl: 12 jours de projets, du 1er au 12 d\u00e9cembre 2022. Pour les 12 premiers jours du mois de d\u00e9cembre, vous aurez droit \u00e0 12 projets vous permettant de cr\u00e9er et d'apprendre! Cette ann\u00e9e, j'ai d\u00e9cid\u00e9 d'y aller avec des projets simples et faciles \u00e0 [&hellip;]","og_url":"https:\/\/nelidesign.com\/fr\/les-12-bricos-de-noel-2022\/","og_site_name":"NeliDesign","article_publisher":"https:\/\/www.facebook.com\/Natalie.NeliDesign\/","article_modified_time":"2023-11-07T16:39:22+00:00","og_image":[{"width":1200,"height":900,"url":"https:\/\/nelidesign.com\/wp-content\/uploads\/2022\/11\/presente-par-NeliDesign.jpg","type":"image\/jpeg"}],"twitter_card":"summary_large_image","twitter_site":"@nelidesign","twitter_misc":{"Dur\u00e9e de lecture estim\u00e9e":"5 minutes"},"schema":{"@context":"https:\/\/schema.org","@graph":[{"@type":"WebPage","@id":"https:\/\/nelidesign.com\/fr\/les-12-bricos-de-noel-2022\/","url":"https:\/\/nelidesign.com\/fr\/les-12-bricos-de-noel-2022\/","name":"Les 12 Bricos de No\u00ebl - NeliDesign","isPartOf":{"@id":"https:\/\/nelidesign.com\/fr\/#website"},"primaryImageOfPage":{"@id":"https:\/\/nelidesign.com\/fr\/les-12-bricos-de-noel-2022\/#primaryimage"},"image":{"@id":"https:\/\/nelidesign.com\/fr\/les-12-bricos-de-noel-2022\/#primaryimage"},"thumbnailUrl":"https:\/\/nelidesign.com\/wp-content\/uploads\/2022\/11\/presente-par-NeliDesign.jpg","datePublished":"2022-11-27T17:48:40+00:00","dateModified":"2023-11-07T16:39:22+00:00","breadcrumb":{"@id":"https:\/\/nelidesign.com\/fr\/les-12-bricos-de-noel-2022\/#breadcrumb"},"inLanguage":"fr-FR","potentialAction":[{"@type":"ReadAction","target":["https:\/\/nelidesign.com\/fr\/les-12-bricos-de-noel-2022\/"]}]},{"@type":"ImageObject","inLanguage":"fr-FR","@id":"https:\/\/nelidesign.com\/fr\/les-12-bricos-de-noel-2022\/#primaryimage","url":"https:\/\/nelidesign.com\/wp-content\/uploads\/2022\/11\/presente-par-NeliDesign.jpg","contentUrl":"https:\/\/nelidesign.com\/wp-content\/uploads\/2022\/11\/presente-par-NeliDesign.jpg","width":1200,"height":900},{"@type":"BreadcrumbList","@id":"https:\/\/nelidesign.com\/fr\/les-12-bricos-de-noel-2022\/#breadcrumb","itemListElement":[{"@type":"ListItem","position":1,"name":"Home","item":"https:\/\/nelidesign.com\/fr\/"},{"@type":"ListItem","position":2,"name":"Les 12 Bricos de No\u00ebl"}]},{"@type":"WebSite","@id":"https:\/\/nelidesign.com\/fr\/#website","url":"https:\/\/nelidesign.com\/fr\/","name":"NeliDesign","description":"Projets cr\u00e9atifs pour une d\u00e9co qui vous plait","publisher":{"@id":"https:\/\/nelidesign.com\/fr\/#\/schema\/person\/07194ebfb7711949a8cdd1a9da087cdd"},"potentialAction":[{"@type":"SearchAction","target":{"@type":"EntryPoint","urlTemplate":"https:\/\/nelidesign.com\/fr\/?s={search_term_string}"},"query-input":{"@type":"PropertyValueSpecification","valueRequired":true,"valueName":"search_term_string"}}],"inLanguage":"fr-FR"},{"@type":["Person","Organization"],"@id":"https:\/\/nelidesign.com\/fr\/#\/schema\/person\/07194ebfb7711949a8cdd1a9da087cdd","name":"Natalie","image":{"@type":"ImageObject","inLanguage":"fr-FR","@id":"https:\/\/nelidesign.com\/wp-content\/uploads\/2021\/10\/Natalie2021-1.jpg","url":"https:\/\/nelidesign.com\/wp-content\/uploads\/2021\/10\/Natalie2021-1.jpg","contentUrl":"https:\/\/nelidesign.com\/wp-content\/uploads\/2021\/10\/Natalie2021-1.jpg","width":350,"height":500,"caption":"Natalie"},"logo":{"@id":"https:\/\/nelidesign.com\/wp-content\/uploads\/2021\/10\/Natalie2021-1.jpg"},"sameAs":["https:\/\/nelidesign.com\/about-me2\/","https:\/\/www.facebook.com\/Natalie.NeliDesign\/","https:\/\/www.instagram.com\/Natalie.NeliDesign\/","https:\/\/www.pinterest.com\/nelidesign\/","https:\/\/www.youtube.com\/nelidesign"]}]}},"featured_image_src":"https:\/\/nelidesign.com\/wp-content\/uploads\/2022\/11\/presente-par-NeliDesign-600x400.jpg","featured_image_src_square":"https:\/\/nelidesign.com\/wp-content\/uploads\/2022\/11\/presente-par-NeliDesign-600x600.jpg","_links":{"self":[{"href":"https:\/\/nelidesign.com\/fr\/wp-json\/wp\/v2\/pages\/36357","targetHints":{"allow":["GET"]}}],"collection":[{"href":"https:\/\/nelidesign.com\/fr\/wp-json\/wp\/v2\/pages"}],"about":[{"href":"https:\/\/nelidesign.com\/fr\/wp-json\/wp\/v2\/types\/page"}],"author":[{"embeddable":true,"href":"https:\/\/nelidesign.com\/fr\/wp-json\/wp\/v2\/users\/1"}],"replies":[{"embeddable":true,"href":"https:\/\/nelidesign.com\/fr\/wp-json\/wp\/v2\/comments?post=36357"}],"version-history":[{"count":44,"href":"https:\/\/nelidesign.com\/fr\/wp-json\/wp\/v2\/pages\/36357\/revisions"}],"predecessor-version":[{"id":41772,"href":"https:\/\/nelidesign.com\/fr\/wp-json\/wp\/v2\/pages\/36357\/revisions\/41772"}],"wp:featuredmedia":[{"embeddable":true,"href":"https:\/\/nelidesign.com\/fr\/wp-json\/wp\/v2\/media\/37955"}],"wp:attachment":[{"href":"https:\/\/nelidesign.com\/fr\/wp-json\/wp\/v2\/media?parent=36357"}],"curies":[{"name":"wp","href":"https:\/\/api.w.org\/{rel}","templated":true}]}}